{"id":3681,"date":"2025-10-20T11:24:08","date_gmt":"2025-10-20T09:24:08","guid":{"rendered":"https:\/\/carbonmiledesign.pl\/?page_id=3681"},"modified":"2025-10-20T14:48:21","modified_gmt":"2025-10-20T12:48:21","slug":"bmw-m3-g80-realizacja","status":"publish","type":"page","link":"https:\/\/stara.carbonmiledesign.pl\/en\/bmw-m3-g80-realizacja\/","title":{"rendered":"BMW M3 G80 Realizacja"},"content":{"rendered":"<div id=\"gap-1650428490\" class=\"gap-element clearfix\" style=\"display:block; height:auto;\">\n\t\t\n<style>\n#gap-1650428490 {\n  padding-top: 30px;\n}\n<\/style>\n\t<\/div>\n\t\n\n\n\t<section class=\"section hide-for-small\" id=\"section_1571827243\">\n\t\t<div class=\"section-bg fill\" >\n\t\t\t\t\t\t\t\t\t\n\t\t\t\n\n\t\t<\/div>\n\n\t\t\n\n\t\t<div class=\"section-content relative\">\n\t\t\t\n\n<h1 style=\"text-align: center;\">BMW M3 G80<\/h1>\n<div class=\"text-center\"><div class=\"is-divider divider clearfix\" style=\"max-width:210px;background-color:rgb(153, 48, 49);\"><\/div><\/div>\n\n<div class=\"row\"  id=\"row-375121789\">\n\n\n\t<div id=\"col-278399074\" class=\"col medium-6 small-12 large-6\"  >\n\t\t\t\t<div class=\"col-inner\"  >\n\t\t\t\n\t\t\t\n\n\t<div class=\"img has-hover x md-x lg-x y md-y lg-y\" id=\"image_711064846\">\n\t\t\t\t\t\t\t\t<div class=\"img-inner image-cover dark\" style=\"padding-top:350px;\">\n\t\t\t<img loading=\"lazy\" decoding=\"async\" width=\"2048\" height=\"1536\" src=\"https:\/\/stara.carbonmiledesign.pl\/wp-content\/uploads\/2025\/10\/BMW-M3-G80-CM-Design-x-JBM-6-2048x1536.jpg\" class=\"attachment-2048x2048 size-2048x2048\" alt=\"\" srcset=\"https:\/\/stara.carbonmiledesign.pl\/wp-content\/uploads\/2025\/10\/BMW-M3-G80-CM-Design-x-JBM-6-2048x1536.jpg 2048w, https:\/\/stara.carbonmiledesign.pl\/wp-content\/uploads\/2025\/10\/BMW-M3-G80-CM-Design-x-JBM-6-533x400.jpg 533w, https:\/\/stara.carbonmiledesign.pl\/wp-content\/uploads\/2025\/10\/BMW-M3-G80-CM-Design-x-JBM-6-1067x800.jpg 1067w, https:\/\/stara.carbonmiledesign.pl\/wp-content\/uploads\/2025\/10\/BMW-M3-G80-CM-Design-x-JBM-6-768x576.jpg 768w, https:\/\/stara.carbonmiledesign.pl\/wp-content\/uploads\/2025\/10\/BMW-M3-G80-CM-Design-x-JBM-6-1536x1152.jpg 1536w, https:\/\/stara.carbonmiledesign.pl\/wp-content\/uploads\/2025\/10\/BMW-M3-G80-CM-Design-x-JBM-6-16x12.jpg 16w, https:\/\/stara.carbonmiledesign.pl\/wp-content\/uploads\/2025\/10\/BMW-M3-G80-CM-Design-x-JBM-6-1000x750.jpg 1000w\" sizes=\"auto, (max-width: 2048px) 100vw, 2048px\" \/>\t\t\t\t\t\t\n\t\t\t\t\t<\/div>\n\t\t\t\t\t\t\t\t\n<style>\n#image_711064846 {\n  width: 100%;\n}\n<\/style>\n\t<\/div>\n\t\n\n\n\t\t<\/div>\n\t\t\t\t\t<\/div>\n\n\t\n\n\t<div id=\"col-1221204835\" class=\"col medium-6 small-12 large-6\"  >\n\t\t\t\t<div class=\"col-inner\"  >\n\t\t\t\n\t\t\t\n\n<h3 data-start=\"973\" data-end=\"1358\">\u00a0<\/h3>\n<h3 data-start=\"973\" data-end=\"1358\"><strong data-start=\"480\" data-end=\"504\"><span style=\"color: #333333;\"><br \/>BMW M3 G80 &#8211; <a href=\"https:\/\/stara.carbonmiledesign.pl\"><span style=\"color: #993031;\">CarbonmileDesign<\/span> <\/a>x <\/span><span style=\"color: #333333;\"><span style=\"color: #000000;\"><a href=\"https:\/\/jbm-tuning.com\">JBM Tuning<\/a><\/p>\n<p><\/span><\/span><\/strong><\/h3>\n<div><span style=\"color: #808080;\">Tym razem z przyjemno\u015bci\u0105 prezentujemy realizacj\u0119 wykonan\u0105 przez naszego partnera &#8211; <span style=\"color: #000000;\"><strong>JBM Tuning<\/strong><\/span>, w kt\u00f3rej wykorzystano nasze elementy. Efekt? <span style=\"color: #00aae7;\"><strong>BMW M3 G80<\/strong><\/span>, kt\u00f3re wygl\u0105da jak zupe\u0142nie nowy samoch\u00f3d. Ca\u0142o\u015b\u0107 nabra\u0142a agresywnego, sportowego charakteru \u2013 wykonana z wyczuciem i smakiem zachowuje balans pomi\u0119dzy agresj\u0105 i elegancj\u0105.\u00a0<\/span><b><br \/><\/b><\/div>\n<h3 data-start=\"182\" data-end=\"229\"><span style=\"color: #808080; font-size: 14.4px;\">.<\/span><\/h3>\n\n\t\t<\/div>\n\t\t\t\t\t<\/div>\n\n\t\n\n<\/div>\n<div class=\"row\"  id=\"row-507916526\">\n\n\n\t<div id=\"col-296679300\" class=\"col medium-6 small-12 large-6\"  >\n\t\t\t\t<div class=\"col-inner\"  >\n\t\t\t\n\t\t\t\n\n<h3 data-start=\"973\" data-end=\"1358\">\u00a0<\/h3>\n<h3 data-start=\"973\" data-end=\"1358\">\u00a0<\/h3>\n<h3 data-start=\"973\" data-end=\"1358\"><a href=\"https:\/\/stara.carbonmiledesign.pl\/produkt\/grill-atrapa-carbon-bmw-m3-g80-g81-m4-g82-g83-2\/\"><strong data-start=\"480\" data-end=\"504\">\u2705 <\/strong><\/a><a href=\"https:\/\/stara.carbonmiledesign.pl\/produkt\/grill-atrapa-carbon-bmw-m3-g80-g81-m4-g82-g83-2\/\"> <strong>Grill carbon CS Style<\/strong><\/a><\/h3>\n<p data-start=\"143\" data-end=\"436\"><span style=\"color: #808080;\"><br \/>Na pierwszy plan wysuwa si\u0119 <a href=\"https:\/\/stara.carbonmiledesign.pl\/produkt\/grill-atrapa-carbon-bmw-m3-g80-g81-m4-g82-g83-2\/\"><strong>grill carbon CS Style<\/strong><\/a> \u2013 inspirowany topow\u0105 wersj\u0105 CS. Ten element momentalnie zmienia front auta, dodaj\u0105c mu charakteru i podkre\u015bla wy\u015bcigowe DNA.<br \/><\/span><\/p>\n\n\t\t<\/div>\n\t\t\t\t\t<\/div>\n\n\t\n\n\t<div id=\"col-616078217\" class=\"col medium-6 small-12 large-6\"  >\n\t\t\t\t<div class=\"col-inner\"  >\n\t\t\t\n\t\t\t\n\n\t<div class=\"img has-hover x md-x lg-x y md-y lg-y\" id=\"image_1468178380\">\n\t\t\t\t\t\t\t\t<div class=\"img-inner image-cover dark\" style=\"padding-top:350px;\">\n\t\t\t<img loading=\"lazy\" decoding=\"async\" width=\"2560\" height=\"1920\" src=\"https:\/\/stara.carbonmiledesign.pl\/wp-content\/uploads\/2025\/10\/BMW-M3-G80-CM-Design-x-JBM-9-scaled.jpg\" class=\"attachment-original size-original\" alt=\"\" srcset=\"https:\/\/stara.carbonmiledesign.pl\/wp-content\/uploads\/2025\/10\/BMW-M3-G80-CM-Design-x-JBM-9-scaled.jpg 2560w, https:\/\/stara.carbonmiledesign.pl\/wp-content\/uploads\/2025\/10\/BMW-M3-G80-CM-Design-x-JBM-9-533x400.jpg 533w, https:\/\/stara.carbonmiledesign.pl\/wp-content\/uploads\/2025\/10\/BMW-M3-G80-CM-Design-x-JBM-9-1067x800.jpg 1067w, https:\/\/stara.carbonmiledesign.pl\/wp-content\/uploads\/2025\/10\/BMW-M3-G80-CM-Design-x-JBM-9-768x576.jpg 768w, https:\/\/stara.carbonmiledesign.pl\/wp-content\/uploads\/2025\/10\/BMW-M3-G80-CM-Design-x-JBM-9-1536x1152.jpg 1536w, https:\/\/stara.carbonmiledesign.pl\/wp-content\/uploads\/2025\/10\/BMW-M3-G80-CM-Design-x-JBM-9-2048x1536.jpg 2048w, https:\/\/stara.carbonmiledesign.pl\/wp-content\/uploads\/2025\/10\/BMW-M3-G80-CM-Design-x-JBM-9-16x12.jpg 16w, https:\/\/stara.carbonmiledesign.pl\/wp-content\/uploads\/2025\/10\/BMW-M3-G80-CM-Design-x-JBM-9-1000x750.jpg 1000w\" sizes=\"auto, (max-width: 2560px) 100vw, 2560px\" \/>\t\t\t\t\t\t\n\t\t\t\t\t<\/div>\n\t\t\t\t\t\t\t\t\n<style>\n#image_1468178380 {\n  width: 100%;\n}\n<\/style>\n\t<\/div>\n\t\n\n\n\t\t<\/div>\n\t\t\t\t\t<\/div>\n\n\t\n\n<\/div>\n<div class=\"row\"  id=\"row-647170839\">\n\n\n\t<div id=\"col-1797014443\" class=\"col medium-6 small-12 large-6\"  >\n\t\t\t\t<div class=\"col-inner\"  >\n\t\t\t\n\t\t\t\n\n\t<div class=\"img has-hover x md-x lg-x y md-y lg-y\" id=\"image_2034973824\">\n\t\t\t\t\t\t\t\t<div class=\"img-inner image-cover dark\" style=\"padding-top:350px;\">\n\t\t\t<img loading=\"lazy\" decoding=\"async\" width=\"2048\" height=\"1536\" src=\"https:\/\/stara.carbonmiledesign.pl\/wp-content\/uploads\/2025\/10\/BMW-M3-G80-CM-Design-x-JBM-2-2048x1536.jpg\" class=\"attachment-2048x2048 size-2048x2048\" alt=\"\" srcset=\"https:\/\/stara.carbonmiledesign.pl\/wp-content\/uploads\/2025\/10\/BMW-M3-G80-CM-Design-x-JBM-2-2048x1536.jpg 2048w, https:\/\/stara.carbonmiledesign.pl\/wp-content\/uploads\/2025\/10\/BMW-M3-G80-CM-Design-x-JBM-2-533x400.jpg 533w, https:\/\/stara.carbonmiledesign.pl\/wp-content\/uploads\/2025\/10\/BMW-M3-G80-CM-Design-x-JBM-2-1067x800.jpg 1067w, https:\/\/stara.carbonmiledesign.pl\/wp-content\/uploads\/2025\/10\/BMW-M3-G80-CM-Design-x-JBM-2-768x576.jpg 768w, https:\/\/stara.carbonmiledesign.pl\/wp-content\/uploads\/2025\/10\/BMW-M3-G80-CM-Design-x-JBM-2-1536x1152.jpg 1536w, https:\/\/stara.carbonmiledesign.pl\/wp-content\/uploads\/2025\/10\/BMW-M3-G80-CM-Design-x-JBM-2-16x12.jpg 16w, https:\/\/stara.carbonmiledesign.pl\/wp-content\/uploads\/2025\/10\/BMW-M3-G80-CM-Design-x-JBM-2-1000x750.jpg 1000w\" sizes=\"auto, (max-width: 2048px) 100vw, 2048px\" \/>\t\t\t\t\t\t\n\t\t\t\t\t<\/div>\n\t\t\t\t\t\t\t\t\n<style>\n#image_2034973824 {\n  width: 100%;\n}\n<\/style>\n\t<\/div>\n\t\n\n\n\t\t<\/div>\n\t\t\t\t\t<\/div>\n\n\t\n\n\t<div id=\"col-1360731340\" class=\"col medium-6 small-12 large-6\"  >\n\t\t\t\t<div class=\"col-inner\"  >\n\t\t\t\n\t\t\t\n\n<h3 data-start=\"973\" data-end=\"1358\">\u00a0<\/h3>\n<h3 data-start=\"973\" data-end=\"1358\">\u00a0<\/h3>\n<h3 data-start=\"973\" data-end=\"1358\"><strong data-start=\"480\" data-end=\"504\"><a href=\"https:\/\/stara.carbonmiledesign.pl\/produkt\/wloty-powietrza-carbon-przod-bmw-m3-g80-g81-m4-g82-g83\/\">\u2705 <\/a><a href=\"https:\/\/stara.carbonmiledesign.pl\/produkt\/wloty-powietrza-carbon-przod-bmw-m3-g80-g81-m4-g82-g83\/\"><span style=\"color: #333333;\">Wloty powietrza carbon MP Style<\/span><\/a><\/strong><\/h3>\n<p data-start=\"973\" data-end=\"1358\"><span style=\"color: #808080; font-size: 14.4px;\"><br \/>W zderzaku zamiast standardowych kratek pojawi\u0142y si\u0119 <\/span><a style=\"font-size: 14.4px;\" href=\"https:\/\/stara.carbonmiledesign.pl\/produkt\/wloty-powietrza-carbon-przod-bmw-m3-g80-g81-m4-g82-g83\/\"><strong>wloty powietrza carbon MP Style<\/strong><\/a><span style=\"color: #808080; font-size: 14.4px;\">, kt\u00f3re idealnie komponuj\u0105 si\u0119 z grillem.\u00a0<\/span><\/p>\n\n\t\t<\/div>\n\t\t\t\t\t<\/div>\n\n\t\n\n<\/div>\n<div class=\"row\"  id=\"row-913322937\">\n\n\n\t<div id=\"col-1779909424\" class=\"col medium-6 small-12 large-6\"  >\n\t\t\t\t<div class=\"col-inner\"  >\n\t\t\t\n\t\t\t\n\n<h3 data-start=\"973\" data-end=\"1358\">\u00a0<\/h3>\n<h3 data-start=\"973\" data-end=\"1358\">\u00a0<\/h3>\n<h3 data-start=\"973\" data-end=\"1358\">\u00a0<\/h3>\n<h3 data-start=\"973\" data-end=\"1358\"><strong data-start=\"480\" data-end=\"504\"><a href=\"https:\/\/stara.carbonmiledesign.pl\/produkt\/atrapy-wlotow-powietrza-carbon-maski-bmw-m3-g80-g81-m4-g82-g83\/\">\u2705 Atrapy wlot\u00f3w powietrza maski carbon<\/a><\/strong><\/h3>\n<p><span style=\"color: #808080; font-size: 14.4px;\"><br \/>Na masce pojawi\u0142y si\u0119 <a href=\"https:\/\/stara.carbonmiledesign.pl\/produkt\/atrapy-wlotow-powietrza-carbon-maski-bmw-m3-g80-g81-m4-g82-g83\/\"><strong>atrapy wlot\u00f3w powietrza maski carbon<\/strong><\/a>, kt\u00f3re dodaj\u0105 jej agresywnego wygl\u0105du i \u015bwietnie komponuj\u0105 si\u0119 z reszt\u0105 carbonowych element\u00f3w. Dzi\u0119ki kontrastowi z jasnym kolorem samochodu, od razu przyci\u0105gaj\u0105 wzrok i zwracaj\u0105 na siebie uwag\u0119.<br \/><\/span><\/p>\n\n\t\t<\/div>\n\t\t\t\t\t<\/div>\n\n\t\n\n\t<div id=\"col-1021546127\" class=\"col medium-6 small-12 large-6\"  >\n\t\t\t\t<div class=\"col-inner\"  >\n\t\t\t\n\t\t\t\n\n\t<div class=\"img has-hover x md-x lg-x y md-y lg-y\" id=\"image_928072337\">\n\t\t\t\t\t\t\t\t<div class=\"img-inner image-cover dark\" style=\"padding-top:350px;\">\n\t\t\t<img loading=\"lazy\" decoding=\"async\" width=\"2048\" height=\"1536\" src=\"https:\/\/stara.carbonmiledesign.pl\/wp-content\/uploads\/2025\/10\/BMW-M3-G80-CM-Design-x-JBM-3-2048x1536.jpg\" class=\"attachment-2048x2048 size-2048x2048\" alt=\"\" srcset=\"https:\/\/stara.carbonmiledesign.pl\/wp-content\/uploads\/2025\/10\/BMW-M3-G80-CM-Design-x-JBM-3-2048x1536.jpg 2048w, https:\/\/stara.carbonmiledesign.pl\/wp-content\/uploads\/2025\/10\/BMW-M3-G80-CM-Design-x-JBM-3-533x400.jpg 533w, https:\/\/stara.carbonmiledesign.pl\/wp-content\/uploads\/2025\/10\/BMW-M3-G80-CM-Design-x-JBM-3-1067x800.jpg 1067w, https:\/\/stara.carbonmiledesign.pl\/wp-content\/uploads\/2025\/10\/BMW-M3-G80-CM-Design-x-JBM-3-768x576.jpg 768w, https:\/\/stara.carbonmiledesign.pl\/wp-content\/uploads\/2025\/10\/BMW-M3-G80-CM-Design-x-JBM-3-1536x1152.jpg 1536w, https:\/\/stara.carbonmiledesign.pl\/wp-content\/uploads\/2025\/10\/BMW-M3-G80-CM-Design-x-JBM-3-16x12.jpg 16w, https:\/\/stara.carbonmiledesign.pl\/wp-content\/uploads\/2025\/10\/BMW-M3-G80-CM-Design-x-JBM-3-1000x750.jpg 1000w\" sizes=\"auto, (max-width: 2048px) 100vw, 2048px\" \/>\t\t\t\t\t\t\n\t\t\t\t\t<\/div>\n\t\t\t\t\t\t\t\t\n<style>\n#image_928072337 {\n  width: 100%;\n}\n<\/style>\n\t<\/div>\n\t\n\n\n\t\t<\/div>\n\t\t\t\t\t<\/div>\n\n\t\n\n<\/div>\n<div class=\"row\"  id=\"row-1167677178\">\n\n\n\t<div id=\"col-1141520399\" class=\"col medium-6 small-12 large-6\"  >\n\t\t\t\t<div class=\"col-inner\"  >\n\t\t\t\n\t\t\t\n\n\t<div class=\"img has-hover x md-x lg-x y md-y lg-y\" id=\"image_1220806866\">\n\t\t\t\t\t\t\t\t<div class=\"img-inner image-cover dark\" style=\"padding-top:350px;\">\n\t\t\t<img loading=\"lazy\" decoding=\"async\" width=\"1365\" height=\"1920\" src=\"https:\/\/stara.carbonmiledesign.pl\/wp-content\/uploads\/2025\/10\/BMW-M3-G80-CM-Design-x-JBM-1-1-scaled-e1760950119797.jpg\" class=\"attachment-original size-original\" alt=\"\" srcset=\"https:\/\/stara.carbonmiledesign.pl\/wp-content\/uploads\/2025\/10\/BMW-M3-G80-CM-Design-x-JBM-1-1-scaled-e1760950119797.jpg 1365w, https:\/\/stara.carbonmiledesign.pl\/wp-content\/uploads\/2025\/10\/BMW-M3-G80-CM-Design-x-JBM-1-1-scaled-e1760950119797-284x400.jpg 284w, https:\/\/stara.carbonmiledesign.pl\/wp-content\/uploads\/2025\/10\/BMW-M3-G80-CM-Design-x-JBM-1-1-scaled-e1760950119797-569x800.jpg 569w, https:\/\/stara.carbonmiledesign.pl\/wp-content\/uploads\/2025\/10\/BMW-M3-G80-CM-Design-x-JBM-1-1-scaled-e1760950119797-768x1080.jpg 768w, https:\/\/stara.carbonmiledesign.pl\/wp-content\/uploads\/2025\/10\/BMW-M3-G80-CM-Design-x-JBM-1-1-scaled-e1760950119797-1092x1536.jpg 1092w, https:\/\/stara.carbonmiledesign.pl\/wp-content\/uploads\/2025\/10\/BMW-M3-G80-CM-Design-x-JBM-1-1-scaled-e1760950119797-9x12.jpg 9w, https:\/\/stara.carbonmiledesign.pl\/wp-content\/uploads\/2025\/10\/BMW-M3-G80-CM-Design-x-JBM-1-1-scaled-e1760950119797-1000x1407.jpg 1000w\" sizes=\"auto, (max-width: 1365px) 100vw, 1365px\" \/>\t\t\t\t\t\t\n\t\t\t\t\t<\/div>\n\t\t\t\t\t\t\t\t\n<style>\n#image_1220806866 {\n  width: 100%;\n}\n<\/style>\n\t<\/div>\n\t\n\n\n\t\t<\/div>\n\t\t\t\t\t<\/div>\n\n\t\n\n\t<div id=\"col-420091554\" class=\"col medium-6 small-12 large-6\"  >\n\t\t\t\t<div class=\"col-inner\"  >\n\t\t\t\n\t\t\t\n\n<h3 data-start=\"107\" data-end=\"141\">\u00a0<\/h3>\n<h3 data-start=\"107\" data-end=\"141\">\u00a0<\/h3>\n<h3 data-start=\"973\" data-end=\"1358\"><strong data-start=\"480\" data-end=\"504\"><a href=\"https:\/\/stara.carbonmiledesign.pl\/produkt\/obudowy-lusterek-lusterka-carbon-mp-style-m2-g87-m3-g80-g81-m4-g82-g83\/\">\u2705<\/a> <\/strong><strong><a href=\"https:\/\/stara.carbonmiledesign.pl\/produkt\/skrzela-boczne-carbon-mp-style-bmw-m3-g80-g81\/\">Skrzela boczne carbon MP Style<\/a><\/strong><\/h3>\n<p><span style=\"color: #808080;\"><br \/>Po bokach pojawi\u0142y si\u0119 <strong><a href=\"https:\/\/stara.carbonmiledesign.pl\/produkt\/skrzela-boczne-carbon-mp-style-bmw-m3-g80-g81\/\">skrzela carbon MP Style<\/a><\/strong> \u2013 detal, kt\u00f3ry mo\u017ce wydawa\u0107 si\u0119 subtelny, ale w rzeczywisto\u015bci \u015bwietnie podkre\u015bla lini\u0119 nadwozia i uzupe\u0142nia pakiet carbon.<\/span><\/p>\n\n\t\t<\/div>\n\t\t\t\t\t<\/div>\n\n\t\n\n<\/div>\n<div class=\"row\"  id=\"row-440763250\">\n\n\n\t<div id=\"col-1300752034\" class=\"col medium-6 small-12 large-6\"  >\n\t\t\t\t<div class=\"col-inner\"  >\n\t\t\t\n\t\t\t\n\n<h3 data-start=\"973\" data-end=\"1358\">\u00a0<\/h3>\n<h3 data-start=\"973\" data-end=\"1358\">\u00a0<\/h3>\n<h3 data-start=\"973\" data-end=\"1358\"><strong data-start=\"480\" data-end=\"504\"><a href=\"https:\/\/stara.carbonmiledesign.pl\/produkt\/listwy-progowe-progi-carbon-bmw-m3-g80-g81-cm-design\/\">\u2705<\/a> <span style=\"color: #333333;\"><a href=\"https:\/\/stara.carbonmiledesign.pl\/produkt\/listwy-progowe-progi-carbon-bmw-m3-g80-g81-cm-design\/\">Listwy progowe carbon MP Style<\/a><\/span><\/strong><\/h3>\n<p><span style=\"font-size: 14.4px;\"><br \/><span style=\"color: #808080;\">K<span style=\"font-size: 100%;\">olejnym dodatkiem s\u0105 <a href=\"https:\/\/stara.carbonmiledesign.pl\/produkt\/listwy-progowe-progi-carbon-bmw-m3-g80-g81-cm-design\/\"><strong>listwy progowe carbon MP Style <\/strong><\/a><\/span><\/span><\/span><span style=\"color: #808080; font-size: 100%;\">, kt\u00f3re dzi\u0119ki widocznym w tylnej cz\u0119\u015bci &#8222;winglet&#8217;s&#8221; optycznie poszerzaj\u0105 sylwetk\u0119 samochodu dodaj\u0105c bardziej agresywnych kszta\u0142t\u00f3w.<\/span><\/p>\n<p><span style=\"color: #808080; font-size: 14.4px;\">\u00a0<\/span><\/p>\n\n\t\t<\/div>\n\t\t\t\t\t<\/div>\n\n\t\n\n\t<div id=\"col-414529534\" class=\"col medium-6 small-12 large-6\"  >\n\t\t\t\t<div class=\"col-inner\"  >\n\t\t\t\n\t\t\t\n\n\t<div class=\"img has-hover x md-x lg-x y md-y lg-y\" id=\"image_1971919741\">\n\t\t\t\t\t\t\t\t<div class=\"img-inner image-cover dark\" style=\"padding-top:350px;\">\n\t\t\t<img loading=\"lazy\" decoding=\"async\" width=\"2048\" height=\"1536\" src=\"https:\/\/stara.carbonmiledesign.pl\/wp-content\/uploads\/2025\/10\/BMW-M3-G80-CM-Design-x-JBM-11-2048x1536.jpg\" class=\"attachment-2048x2048 size-2048x2048\" alt=\"\" srcset=\"https:\/\/stara.carbonmiledesign.pl\/wp-content\/uploads\/2025\/10\/BMW-M3-G80-CM-Design-x-JBM-11-2048x1536.jpg 2048w, https:\/\/stara.carbonmiledesign.pl\/wp-content\/uploads\/2025\/10\/BMW-M3-G80-CM-Design-x-JBM-11-533x400.jpg 533w, https:\/\/stara.carbonmiledesign.pl\/wp-content\/uploads\/2025\/10\/BMW-M3-G80-CM-Design-x-JBM-11-1067x800.jpg 1067w, https:\/\/stara.carbonmiledesign.pl\/wp-content\/uploads\/2025\/10\/BMW-M3-G80-CM-Design-x-JBM-11-768x576.jpg 768w, https:\/\/stara.carbonmiledesign.pl\/wp-content\/uploads\/2025\/10\/BMW-M3-G80-CM-Design-x-JBM-11-1536x1152.jpg 1536w, https:\/\/stara.carbonmiledesign.pl\/wp-content\/uploads\/2025\/10\/BMW-M3-G80-CM-Design-x-JBM-11-16x12.jpg 16w, https:\/\/stara.carbonmiledesign.pl\/wp-content\/uploads\/2025\/10\/BMW-M3-G80-CM-Design-x-JBM-11-1000x750.jpg 1000w\" sizes=\"auto, (max-width: 2048px) 100vw, 2048px\" \/>\t\t\t\t\t\t\n\t\t\t\t\t<\/div>\n\t\t\t\t\t\t\t\t\n<style>\n#image_1971919741 {\n  width: 100%;\n}\n<\/style>\n\t<\/div>\n\t\n\n\n\t\t<\/div>\n\t\t\t\t\t<\/div>\n\n\t\n\n<\/div>\n<div class=\"row\"  id=\"row-1284944219\">\n\n\n\t<div id=\"col-760880996\" class=\"col medium-6 small-12 large-6\"  >\n\t\t\t\t<div class=\"col-inner\"  >\n\t\t\t\n\t\t\t\n\n\t<div class=\"img has-hover x md-x lg-x y md-y lg-y\" id=\"image_603536677\">\n\t\t\t\t\t\t\t\t<div class=\"img-inner image-cover dark\" style=\"padding-top:350px;\">\n\t\t\t<img loading=\"lazy\" decoding=\"async\" width=\"2560\" height=\"1920\" src=\"https:\/\/stara.carbonmiledesign.pl\/wp-content\/uploads\/2025\/10\/BMW-M3-G80-CM-Design-x-JBM-10-scaled.jpg\" class=\"attachment-original size-original\" alt=\"\" srcset=\"https:\/\/stara.carbonmiledesign.pl\/wp-content\/uploads\/2025\/10\/BMW-M3-G80-CM-Design-x-JBM-10-scaled.jpg 2560w, https:\/\/stara.carbonmiledesign.pl\/wp-content\/uploads\/2025\/10\/BMW-M3-G80-CM-Design-x-JBM-10-533x400.jpg 533w, https:\/\/stara.carbonmiledesign.pl\/wp-content\/uploads\/2025\/10\/BMW-M3-G80-CM-Design-x-JBM-10-1067x800.jpg 1067w, https:\/\/stara.carbonmiledesign.pl\/wp-content\/uploads\/2025\/10\/BMW-M3-G80-CM-Design-x-JBM-10-768x576.jpg 768w, https:\/\/stara.carbonmiledesign.pl\/wp-content\/uploads\/2025\/10\/BMW-M3-G80-CM-Design-x-JBM-10-1536x1152.jpg 1536w, https:\/\/stara.carbonmiledesign.pl\/wp-content\/uploads\/2025\/10\/BMW-M3-G80-CM-Design-x-JBM-10-2048x1536.jpg 2048w, https:\/\/stara.carbonmiledesign.pl\/wp-content\/uploads\/2025\/10\/BMW-M3-G80-CM-Design-x-JBM-10-16x12.jpg 16w, https:\/\/stara.carbonmiledesign.pl\/wp-content\/uploads\/2025\/10\/BMW-M3-G80-CM-Design-x-JBM-10-1000x750.jpg 1000w\" sizes=\"auto, (max-width: 2560px) 100vw, 2560px\" \/>\t\t\t\t\t\t\n\t\t\t\t\t<\/div>\n\t\t\t\t\t\t\t\t\n<style>\n#image_603536677 {\n  width: 100%;\n}\n<\/style>\n\t<\/div>\n\t\n\n\n\t\t<\/div>\n\t\t\t\t\t<\/div>\n\n\t\n\n\t<div id=\"col-970135189\" class=\"col medium-6 small-12 large-6\"  >\n\t\t\t\t<div class=\"col-inner\"  >\n\t\t\t\n\t\t\t\n\n<h3 data-start=\"107\" data-end=\"141\">\u00a0<\/h3>\n<h3 data-start=\"107\" data-end=\"141\">\u00a0<\/h3>\n<h3 data-start=\"973\" data-end=\"1358\"><a href=\"https:\/\/stara.carbonmiledesign.pl\/produkt\/splitter-carbon-tylnego-zderzaka-oem-style-bmw-m3-g80-g81\/\"><strong data-start=\"480\" data-end=\"504\">\u2705 <\/strong><\/a><strong><a href=\"https:\/\/stara.carbonmiledesign.pl\/produkt\/splitter-winglets-carbon-tylnego-zderzaka-mp-style-bmw-m3-g80-g81\/\">Winglet&#8217;s carbon MP Style<\/a><br \/><\/strong><\/h3>\n<p><span style=\"color: #808080;\"><br \/>Ty\u0142 auta uzupe\u0142niaj\u0105 <a href=\"https:\/\/stara.carbonmiledesign.pl\/produkt\/splitter-winglets-carbon-tylnego-zderzaka-mp-style-bmw-m3-g80-g81\/\"><strong>winglet\u2019s carbon MP Style<\/strong><\/a> \u2013 niewielki, ale efektowny detal, kt\u00f3ry poszerza optycznie doln\u0105 cz\u0119\u015b\u0107 zderzaka, idealnie komponuj\u0105c si\u0119 z listwami progowymi.\u00a0<br \/><\/span><\/p>\n\n\t\t<\/div>\n\t\t\t\t\t<\/div>\n\n\t\n\n<\/div>\n<div class=\"row\"  id=\"row-259639415\">\n\n\n\t<div id=\"col-1536989449\" class=\"col medium-6 small-12 large-6\"  >\n\t\t\t\t<div class=\"col-inner\"  >\n\t\t\t\n\t\t\t\n\n<h3 data-start=\"973\" data-end=\"1358\">\u00a0<\/h3>\n<h3 data-start=\"973\" data-end=\"1358\"><strong data-start=\"480\" data-end=\"504\">\u2705 <span style=\"color: #333333;\"><a href=\"https:\/\/stara.carbonmiledesign.pl\/produkt\/dyfuzor-carbon-led-cm-style-bmw-m3-g80-g81-m4-g82-g83\/\">Dyfuzor carbon\u00a0LED CM Style<\/a>\u00a0<\/span><\/strong><\/h3>\n<p><span style=\"color: #808080;\">\u00a0<\/span><\/p>\n<p><span style=\"color: #808080;\">Ca\u0142o\u015b\u0107 wie\u0144czy <a href=\"https:\/\/stara.carbonmiledesign.pl\/produkt\/dyfuzor-carbon-led-cm-style-bmw-m3-g80-g81-m4-g82-g83\/\"><strong>dyfuzor carbon LED CM Style<\/strong><\/a>\u00a0\u2013 smuk\u0142y i dopracowany. Dodatkowo dzi\u0119ki LED-owi zintegrowanemu ze \u015bwiat\u0142ami stopu fenomenalnie nawi\u0105zuje do wy\u015bcigowego charakteru BMW.\u00a0<\/span><\/p>\n<p><span style=\"color: #808080;\">\u00a0<\/span><\/p>\n\n\t\t<\/div>\n\t\t\t\t\t<\/div>\n\n\t\n\n\t<div id=\"col-868625897\" class=\"col medium-6 small-12 large-6\"  >\n\t\t\t\t<div class=\"col-inner\"  >\n\t\t\t\n\t\t\t\n\n\t<div class=\"img has-hover x md-x lg-x y md-y lg-y\" id=\"image_505963359\">\n\t\t\t\t\t\t\t\t<div class=\"img-inner image-cover dark\" style=\"padding-top:350px;\">\n\t\t\t<img loading=\"lazy\" decoding=\"async\" width=\"2048\" height=\"1536\" src=\"https:\/\/stara.carbonmiledesign.pl\/wp-content\/uploads\/2025\/10\/BMW-M3-G80-CM-Design-x-JBM-8-2048x1536.jpg\" class=\"attachment-2048x2048 size-2048x2048\" alt=\"\" srcset=\"https:\/\/stara.carbonmiledesign.pl\/wp-content\/uploads\/2025\/10\/BMW-M3-G80-CM-Design-x-JBM-8-2048x1536.jpg 2048w, https:\/\/stara.carbonmiledesign.pl\/wp-content\/uploads\/2025\/10\/BMW-M3-G80-CM-Design-x-JBM-8-533x400.jpg 533w, https:\/\/stara.carbonmiledesign.pl\/wp-content\/uploads\/2025\/10\/BMW-M3-G80-CM-Design-x-JBM-8-1067x800.jpg 1067w, https:\/\/stara.carbonmiledesign.pl\/wp-content\/uploads\/2025\/10\/BMW-M3-G80-CM-Design-x-JBM-8-768x576.jpg 768w, https:\/\/stara.carbonmiledesign.pl\/wp-content\/uploads\/2025\/10\/BMW-M3-G80-CM-Design-x-JBM-8-1536x1152.jpg 1536w, https:\/\/stara.carbonmiledesign.pl\/wp-content\/uploads\/2025\/10\/BMW-M3-G80-CM-Design-x-JBM-8-16x12.jpg 16w, https:\/\/stara.carbonmiledesign.pl\/wp-content\/uploads\/2025\/10\/BMW-M3-G80-CM-Design-x-JBM-8-1000x750.jpg 1000w\" sizes=\"auto, (max-width: 2048px) 100vw, 2048px\" \/>\t\t\t\t\t\t\n\t\t\t\t\t<\/div>\n\t\t\t\t\t\t\t\t\n<style>\n#image_505963359 {\n  width: 100%;\n}\n<\/style>\n\t<\/div>\n\t\n\n\n\t\t<\/div>\n\t\t\t\t\t<\/div>\n\n\t\n\n<\/div>\n<div class=\"row\"  id=\"row-669016697\">\n\n\n\t<div id=\"col-2028684883\" class=\"col medium-6 small-12 large-6\"  >\n\t\t\t\t<div class=\"col-inner\"  >\n\t\t\t\n\t\t\t\n\n\t<div class=\"img has-hover x md-x lg-x y md-y lg-y\" id=\"image_1074645578\">\n\t\t\t\t\t\t<div data-animate=\"bounceInLeft\">\t\t<div class=\"img-inner image-cover dark\" style=\"padding-top:350px;\">\n\t\t\t<img loading=\"lazy\" decoding=\"async\" width=\"2560\" height=\"1920\" src=\"https:\/\/stara.carbonmiledesign.pl\/wp-content\/uploads\/2025\/10\/BMW-M3-G80-CM-Design-x-JBM-5-scaled.jpg\" class=\"attachment-original size-original\" alt=\"\" srcset=\"https:\/\/stara.carbonmiledesign.pl\/wp-content\/uploads\/2025\/10\/BMW-M3-G80-CM-Design-x-JBM-5-scaled.jpg 2560w, https:\/\/stara.carbonmiledesign.pl\/wp-content\/uploads\/2025\/10\/BMW-M3-G80-CM-Design-x-JBM-5-533x400.jpg 533w, https:\/\/stara.carbonmiledesign.pl\/wp-content\/uploads\/2025\/10\/BMW-M3-G80-CM-Design-x-JBM-5-1067x800.jpg 1067w, https:\/\/stara.carbonmiledesign.pl\/wp-content\/uploads\/2025\/10\/BMW-M3-G80-CM-Design-x-JBM-5-768x576.jpg 768w, https:\/\/stara.carbonmiledesign.pl\/wp-content\/uploads\/2025\/10\/BMW-M3-G80-CM-Design-x-JBM-5-1536x1152.jpg 1536w, https:\/\/stara.carbonmiledesign.pl\/wp-content\/uploads\/2025\/10\/BMW-M3-G80-CM-Design-x-JBM-5-2048x1536.jpg 2048w, https:\/\/stara.carbonmiledesign.pl\/wp-content\/uploads\/2025\/10\/BMW-M3-G80-CM-Design-x-JBM-5-16x12.jpg 16w, https:\/\/stara.carbonmiledesign.pl\/wp-content\/uploads\/2025\/10\/BMW-M3-G80-CM-Design-x-JBM-5-1000x750.jpg 1000w\" sizes=\"auto, (max-width: 2560px) 100vw, 2560px\" \/>\t\t\t\t\t\t\n\t\t\t\t\t<\/div>\n\t\t<\/div>\t\t\t\t\t\t\n<style>\n#image_1074645578 {\n  width: 100%;\n}\n<\/style>\n\t<\/div>\n\t\n\n\n\t\t<\/div>\n\t\t\t\t\t<\/div>\n\n\t\n\n\t<div id=\"col-10920344\" class=\"col medium-6 small-12 large-6\"  >\n\t\t\t\t<div class=\"col-inner\"  >\n\t\t\t\n\t\t\t\n\n<h3 data-start=\"107\" data-end=\"141\">\u00a0<\/h3>\n<h3 data-start=\"973\" data-end=\"1358\">\ud83d\udea8 Podsumowanie<\/h3>\n<p>\u00a0<\/p>\n<p><span style=\"color: #808080;\">Fenomenalna realizacja w wykonaniu <a href=\"https:\/\/jbm-tuning.com\"><span style=\"color: #000000;\"><strong>JBM Tuning<\/strong> <\/span><\/a>na\u00a0<span style=\"color: #00aae7;\"><strong>BMW M3 G80<\/strong><\/span>\u00a0sprawi\u0142a, \u017ce po tej metamorfozie wygl\u0105da jeszcze bardziej agresywnie, nowocze\u015bnie i po prostu tak, jak powinno \u2013 jak prawdziwe M w najlepszym wydaniu.<\/span><\/p>\n\n\t\t<\/div>\n\t\t\t\t\t<\/div>\n\n\t\n\n<\/div>\n<div class=\"row\"  id=\"row-330368913\">\n\n\n\t<div id=\"col-1553204422\" class=\"col small-12 large-12\"  >\n\t\t\t\t<div class=\"col-inner\"  >\n\t\t\t\n\t\t\t\n\n<div class=\"row\"  id=\"row-149621961\">\n\n\n\t<div id=\"col-1986030067\" class=\"col medium-2 small-12 large-2\"  >\n\t\t\t\t<div class=\"col-inner\"  >\n\t\t\t\n\t\t\t\n\n\n\t\t<\/div>\n\t\t\t\t\t<\/div>\n\n\t\n\n\t<div id=\"col-1591044042\" class=\"col medium-8 small-12 large-8\"  >\n\t\t\t\t<div class=\"col-inner\"  >\n\t\t\t\n\t\t\t\n\n\t<div id=\"text-2266810114\" class=\"text\">\n\t\t\n\n<h3>\u00a0<\/h3>\n\t\t\n<style>\n#text-2266810114 {\n  text-align: center;\n}\n<\/style>\n\t<\/div>\n\t\n<h3 style=\"text-align: center;\"><strong>\ud83c\udfa5 Final effect\u00a0<\/strong><\/h3>\n<p style=\"text-align: center;\" data-start=\"137\" data-end=\"380\"><span style=\"color: #808080;\">Po monta\u017cu auto zyska\u0142o jeszcze bardziej sportowy i dynamiczny wygl\u0105d, a carbonowe dodatki doskonale komponuj\u0105 si\u0119 z muskularn\u0105 sylwetk\u0105 M3 G80. Detale z w\u0142\u00f3kna w\u0119glowego podkre\u015blaj\u0105 agresywny charakter tego modelu, przyci\u0105gaj\u0105c spojrzenia na drodze i dodaj\u0105c mu unikalnego stylu.<\/span><\/p>\n<p style=\"text-align: center;\" data-start=\"382\" data-end=\"506\"><span style=\"color: #808080;\">\ud83d\udc49 <strong data-start=\"385\" data-end=\"436\">Want your car to stand out on the road?<\/strong><\/span><br data-start=\"436\" data-end=\"439\" \/><span style=\"color: #993031;\"><a style=\"color: #993031;\" href=\"https:\/\/stara.carbonmiledesign.pl\/sklep-wysokiej-jakosci-czesci-carbon\/\">Check out our offer!<\/a><\/span><\/p>\n<p style=\"text-align: center;\" data-start=\"508\" data-end=\"563\" data-is-last-node=\"\" data-is-only-node=\"\"><span style=\"color: #808080;\">\ud83d\udce9 <strong data-start=\"511\" data-end=\"561\">Contact us and make your vision come true!<br \/><\/strong><span style=\"color: #993031;\">+48-797-869-745<\/span><\/span><\/p>\n\n\t\t<\/div>\n\t\t\t\t\t<\/div>\n\n\t\n\n\t<div id=\"col-1852272408\" class=\"col medium-2 small-12 large-2\"  >\n\t\t\t\t<div class=\"col-inner\"  >\n\t\t\t\n\t\t\t\n\n\n\t\t<\/div>\n\t\t\t\t\t<\/div>\n\n\t\n\n<\/div>\n\t<div id=\"gap-1094959426\" class=\"gap-element clearfix\" style=\"display:block; height:auto;\">\n\t\t\n<style>\n#gap-1094959426 {\n  padding-top: 80px;\n}\n<\/style>\n\t<\/div>\n\t\n\n<div class=\"row\"  id=\"row-158859083\">\n\n\n\t<div id=\"col-862683609\" class=\"col medium-2 small-12 large-2\"  >\n\t\t\t\t<div class=\"col-inner\"  >\n\t\t\t\n\t\t\t\n\n\n\t\t<\/div>\n\t\t\t\t\t<\/div>\n\n\t\n\n\t<div id=\"col-72166501\" class=\"col medium-8 small-12 large-8\"  >\n\t\t\t\t<div class=\"col-inner\"  >\n\t\t\t\n\t\t\t\n\n<h1 style=\"text-align: center;\">Efekt ko\u0144cowy:<\/h1>\n<div class=\"slider-wrapper relative\" id=\"slider-225661697\" >\n    <div class=\"slider slider-nav-circle slider-nav-large slider-nav-light slider-style-normal\"\n        data-flickity-options='{            \"cellAlign\": \"center\",            \"imagesLoaded\": true,            \"lazyLoad\": 1,            \"freeScroll\": false,            \"wrapAround\": true,            \"autoPlay\": 6000,            \"pauseAutoPlayOnHover\" : true,            \"prevNextButtons\": true,            \"contain\" : true,            \"adaptiveHeight\" : true,            \"dragThreshold\" : 10,            \"percentPosition\": true,            \"pageDots\": true,            \"rightToLeft\": false,            \"draggable\": true,            \"selectedAttraction\": 0.1,            \"parallax\" : 0,            \"friction\": 0.6        }'\n        >\n        \n\n\t<div class=\"img has-hover x md-x lg-x y md-y lg-y\" id=\"image_884639686\">\n\t\t\t\t\t\t\t\t<div class=\"img-inner image-cover dark\" style=\"padding-top:450px;\">\n\t\t\t<img loading=\"lazy\" decoding=\"async\" width=\"2048\" height=\"1536\" src=\"https:\/\/stara.carbonmiledesign.pl\/wp-content\/uploads\/2025\/10\/BMW-M3-G80-CM-Design-x-JBM-6-2048x1536.jpg\" class=\"attachment-2048x2048 size-2048x2048\" alt=\"\" srcset=\"https:\/\/stara.carbonmiledesign.pl\/wp-content\/uploads\/2025\/10\/BMW-M3-G80-CM-Design-x-JBM-6-2048x1536.jpg 2048w, https:\/\/stara.carbonmiledesign.pl\/wp-content\/uploads\/2025\/10\/BMW-M3-G80-CM-Design-x-JBM-6-533x400.jpg 533w, https:\/\/stara.carbonmiledesign.pl\/wp-content\/uploads\/2025\/10\/BMW-M3-G80-CM-Design-x-JBM-6-1067x800.jpg 1067w, https:\/\/stara.carbonmiledesign.pl\/wp-content\/uploads\/2025\/10\/BMW-M3-G80-CM-Design-x-JBM-6-768x576.jpg 768w, https:\/\/stara.carbonmiledesign.pl\/wp-content\/uploads\/2025\/10\/BMW-M3-G80-CM-Design-x-JBM-6-1536x1152.jpg 1536w, https:\/\/stara.carbonmiledesign.pl\/wp-content\/uploads\/2025\/10\/BMW-M3-G80-CM-Design-x-JBM-6-16x12.jpg 16w, https:\/\/stara.carbonmiledesign.pl\/wp-content\/uploads\/2025\/10\/BMW-M3-G80-CM-Design-x-JBM-6-1000x750.jpg 1000w\" sizes=\"auto, (max-width: 2048px) 100vw, 2048px\" \/>\t\t\t\t\t\t\n\t\t\t\t\t<\/div>\n\t\t\t\t\t\t\t\t\n<style>\n#image_884639686 {\n  width: 100%;\n}\n<\/style>\n\t<\/div>\n\t\n\n\t<div class=\"img has-hover x md-x lg-x y md-y lg-y\" id=\"image_64903868\">\n\t\t\t\t\t\t\t\t<div class=\"img-inner image-cover dark\" style=\"padding-top:450px;\">\n\t\t\t<img loading=\"lazy\" decoding=\"async\" width=\"2048\" height=\"1536\" src=\"https:\/\/stara.carbonmiledesign.pl\/wp-content\/uploads\/2025\/10\/BMW-M3-G80-CM-Design-x-JBM-3-2048x1536.jpg\" class=\"attachment-2048x2048 size-2048x2048\" alt=\"\" srcset=\"https:\/\/stara.carbonmiledesign.pl\/wp-content\/uploads\/2025\/10\/BMW-M3-G80-CM-Design-x-JBM-3-2048x1536.jpg 2048w, https:\/\/stara.carbonmiledesign.pl\/wp-content\/uploads\/2025\/10\/BMW-M3-G80-CM-Design-x-JBM-3-533x400.jpg 533w, https:\/\/stara.carbonmiledesign.pl\/wp-content\/uploads\/2025\/10\/BMW-M3-G80-CM-Design-x-JBM-3-1067x800.jpg 1067w, https:\/\/stara.carbonmiledesign.pl\/wp-content\/uploads\/2025\/10\/BMW-M3-G80-CM-Design-x-JBM-3-768x576.jpg 768w, https:\/\/stara.carbonmiledesign.pl\/wp-content\/uploads\/2025\/10\/BMW-M3-G80-CM-Design-x-JBM-3-1536x1152.jpg 1536w, https:\/\/stara.carbonmiledesign.pl\/wp-content\/uploads\/2025\/10\/BMW-M3-G80-CM-Design-x-JBM-3-16x12.jpg 16w, https:\/\/stara.carbonmiledesign.pl\/wp-content\/uploads\/2025\/10\/BMW-M3-G80-CM-Design-x-JBM-3-1000x750.jpg 1000w\" sizes=\"auto, (max-width: 2048px) 100vw, 2048px\" \/>\t\t\t\t\t\t\n\t\t\t\t\t<\/div>\n\t\t\t\t\t\t\t\t\n<style>\n#image_64903868 {\n  width: 100%;\n}\n<\/style>\n\t<\/div>\n\t\n\n\t<div class=\"img has-hover x md-x lg-x y md-y lg-y\" id=\"image_1006644229\">\n\t\t\t\t\t\t\t\t<div class=\"img-inner image-cover dark\" style=\"padding-top:450px;\">\n\t\t\t<img loading=\"lazy\" decoding=\"async\" width=\"2048\" height=\"1536\" src=\"https:\/\/stara.carbonmiledesign.pl\/wp-content\/uploads\/2025\/10\/BMW-M3-G80-CM-Design-x-JBM-2-2048x1536.jpg\" class=\"attachment-2048x2048 size-2048x2048\" alt=\"\" srcset=\"https:\/\/stara.carbonmiledesign.pl\/wp-content\/uploads\/2025\/10\/BMW-M3-G80-CM-Design-x-JBM-2-2048x1536.jpg 2048w, https:\/\/stara.carbonmiledesign.pl\/wp-content\/uploads\/2025\/10\/BMW-M3-G80-CM-Design-x-JBM-2-533x400.jpg 533w, https:\/\/stara.carbonmiledesign.pl\/wp-content\/uploads\/2025\/10\/BMW-M3-G80-CM-Design-x-JBM-2-1067x800.jpg 1067w, https:\/\/stara.carbonmiledesign.pl\/wp-content\/uploads\/2025\/10\/BMW-M3-G80-CM-Design-x-JBM-2-768x576.jpg 768w, https:\/\/stara.carbonmiledesign.pl\/wp-content\/uploads\/2025\/10\/BMW-M3-G80-CM-Design-x-JBM-2-1536x1152.jpg 1536w, https:\/\/stara.carbonmiledesign.pl\/wp-content\/uploads\/2025\/10\/BMW-M3-G80-CM-Design-x-JBM-2-16x12.jpg 16w, https:\/\/stara.carbonmiledesign.pl\/wp-content\/uploads\/2025\/10\/BMW-M3-G80-CM-Design-x-JBM-2-1000x750.jpg 1000w\" sizes=\"auto, (max-width: 2048px) 100vw, 2048px\" \/>\t\t\t\t\t\t\n\t\t\t\t\t<\/div>\n\t\t\t\t\t\t\t\t\n<style>\n#image_1006644229 {\n  width: 100%;\n}\n<\/style>\n\t<\/div>\n\t\n\n\t<div class=\"img has-hover x md-x lg-x y md-y lg-y\" id=\"image_1290781987\">\n\t\t\t\t\t\t\t\t<div class=\"img-inner image-cover dark\" style=\"padding-top:450px;\">\n\t\t\t<img loading=\"lazy\" decoding=\"async\" width=\"2048\" height=\"1536\" src=\"https:\/\/stara.carbonmiledesign.pl\/wp-content\/uploads\/2025\/10\/BMW-M3-G80-CM-Design-x-JBM-9-2048x1536.jpg\" class=\"attachment-2048x2048 size-2048x2048\" alt=\"\" srcset=\"https:\/\/stara.carbonmiledesign.pl\/wp-content\/uploads\/2025\/10\/BMW-M3-G80-CM-Design-x-JBM-9-2048x1536.jpg 2048w, https:\/\/stara.carbonmiledesign.pl\/wp-content\/uploads\/2025\/10\/BMW-M3-G80-CM-Design-x-JBM-9-533x400.jpg 533w, https:\/\/stara.carbonmiledesign.pl\/wp-content\/uploads\/2025\/10\/BMW-M3-G80-CM-Design-x-JBM-9-1067x800.jpg 1067w, https:\/\/stara.carbonmiledesign.pl\/wp-content\/uploads\/2025\/10\/BMW-M3-G80-CM-Design-x-JBM-9-768x576.jpg 768w, https:\/\/stara.carbonmiledesign.pl\/wp-content\/uploads\/2025\/10\/BMW-M3-G80-CM-Design-x-JBM-9-1536x1152.jpg 1536w, https:\/\/stara.carbonmiledesign.pl\/wp-content\/uploads\/2025\/10\/BMW-M3-G80-CM-Design-x-JBM-9-16x12.jpg 16w, https:\/\/stara.carbonmiledesign.pl\/wp-content\/uploads\/2025\/10\/BMW-M3-G80-CM-Design-x-JBM-9-1000x750.jpg 1000w\" sizes=\"auto, (max-width: 2048px) 100vw, 2048px\" \/>\t\t\t\t\t\t\n\t\t\t\t\t<\/div>\n\t\t\t\t\t\t\t\t\n<style>\n#image_1290781987 {\n  width: 100%;\n}\n<\/style>\n\t<\/div>\n\t\n\n\t<div class=\"img has-hover x md-x lg-x y md-y lg-y\" id=\"image_793476705\">\n\t\t\t\t\t\t\t\t<div class=\"img-inner image-cover dark\" style=\"padding-top:450px;\">\n\t\t\t<img loading=\"lazy\" decoding=\"async\" width=\"2048\" height=\"1536\" src=\"https:\/\/stara.carbonmiledesign.pl\/wp-content\/uploads\/2025\/10\/BMW-M3-G80-CM-Design-x-JBM-1-2048x1536.jpg\" class=\"attachment-2048x2048 size-2048x2048\" alt=\"\" srcset=\"https:\/\/stara.carbonmiledesign.pl\/wp-content\/uploads\/2025\/10\/BMW-M3-G80-CM-Design-x-JBM-1-2048x1536.jpg 2048w, https:\/\/stara.carbonmiledesign.pl\/wp-content\/uploads\/2025\/10\/BMW-M3-G80-CM-Design-x-JBM-1-533x400.jpg 533w, https:\/\/stara.carbonmiledesign.pl\/wp-content\/uploads\/2025\/10\/BMW-M3-G80-CM-Design-x-JBM-1-1067x800.jpg 1067w, https:\/\/stara.carbonmiledesign.pl\/wp-content\/uploads\/2025\/10\/BMW-M3-G80-CM-Design-x-JBM-1-768x576.jpg 768w, https:\/\/stara.carbonmiledesign.pl\/wp-content\/uploads\/2025\/10\/BMW-M3-G80-CM-Design-x-JBM-1-1536x1152.jpg 1536w, https:\/\/stara.carbonmiledesign.pl\/wp-content\/uploads\/2025\/10\/BMW-M3-G80-CM-Design-x-JBM-1-16x12.jpg 16w, https:\/\/stara.carbonmiledesign.pl\/wp-content\/uploads\/2025\/10\/BMW-M3-G80-CM-Design-x-JBM-1-1000x750.jpg 1000w\" sizes=\"auto, (max-width: 2048px) 100vw, 2048px\" \/>\t\t\t\t\t\t\n\t\t\t\t\t<\/div>\n\t\t\t\t\t\t\t\t\n<style>\n#image_793476705 {\n  width: 100%;\n}\n<\/style>\n\t<\/div>\n\t\n\n\t<div class=\"img has-hover x md-x lg-x y md-y lg-y\" id=\"image_37134347\">\n\t\t\t\t\t\t\t\t<div class=\"img-inner image-cover dark\" style=\"padding-top:450px;\">\n\t\t\t<img loading=\"lazy\" decoding=\"async\" width=\"2048\" height=\"1536\" src=\"https:\/\/stara.carbonmiledesign.pl\/wp-content\/uploads\/2025\/10\/BMW-M3-G80-CM-Design-x-JBM-11-2048x1536.jpg\" class=\"attachment-2048x2048 size-2048x2048\" alt=\"\" srcset=\"https:\/\/stara.carbonmiledesign.pl\/wp-content\/uploads\/2025\/10\/BMW-M3-G80-CM-Design-x-JBM-11-2048x1536.jpg 2048w, https:\/\/stara.carbonmiledesign.pl\/wp-content\/uploads\/2025\/10\/BMW-M3-G80-CM-Design-x-JBM-11-533x400.jpg 533w, https:\/\/stara.carbonmiledesign.pl\/wp-content\/uploads\/2025\/10\/BMW-M3-G80-CM-Design-x-JBM-11-1067x800.jpg 1067w, https:\/\/stara.carbonmiledesign.pl\/wp-content\/uploads\/2025\/10\/BMW-M3-G80-CM-Design-x-JBM-11-768x576.jpg 768w, https:\/\/stara.carbonmiledesign.pl\/wp-content\/uploads\/2025\/10\/BMW-M3-G80-CM-Design-x-JBM-11-1536x1152.jpg 1536w, https:\/\/stara.carbonmiledesign.pl\/wp-content\/uploads\/2025\/10\/BMW-M3-G80-CM-Design-x-JBM-11-16x12.jpg 16w, https:\/\/stara.carbonmiledesign.pl\/wp-content\/uploads\/2025\/10\/BMW-M3-G80-CM-Design-x-JBM-11-1000x750.jpg 1000w\" sizes=\"auto, (max-width: 2048px) 100vw, 2048px\" \/>\t\t\t\t\t\t\n\t\t\t\t\t<\/div>\n\t\t\t\t\t\t\t\t\n<style>\n#image_37134347 {\n  width: 100%;\n}\n<\/style>\n\t<\/div>\n\t\n\n\t<div class=\"img has-hover x md-x lg-x y md-y lg-y\" id=\"image_623678463\">\n\t\t\t\t\t\t\t\t<div class=\"img-inner image-cover dark\" style=\"padding-top:450px;\">\n\t\t\t<img loading=\"lazy\" decoding=\"async\" width=\"2048\" height=\"1536\" src=\"https:\/\/stara.carbonmiledesign.pl\/wp-content\/uploads\/2025\/10\/BMW-M3-G80-CM-Design-x-JBM-10-2048x1536.jpg\" class=\"attachment-2048x2048 size-2048x2048\" alt=\"\" srcset=\"https:\/\/stara.carbonmiledesign.pl\/wp-content\/uploads\/2025\/10\/BMW-M3-G80-CM-Design-x-JBM-10-2048x1536.jpg 2048w, https:\/\/stara.carbonmiledesign.pl\/wp-content\/uploads\/2025\/10\/BMW-M3-G80-CM-Design-x-JBM-10-533x400.jpg 533w, https:\/\/stara.carbonmiledesign.pl\/wp-content\/uploads\/2025\/10\/BMW-M3-G80-CM-Design-x-JBM-10-1067x800.jpg 1067w, https:\/\/stara.carbonmiledesign.pl\/wp-content\/uploads\/2025\/10\/BMW-M3-G80-CM-Design-x-JBM-10-768x576.jpg 768w, https:\/\/stara.carbonmiledesign.pl\/wp-content\/uploads\/2025\/10\/BMW-M3-G80-CM-Design-x-JBM-10-1536x1152.jpg 1536w, https:\/\/stara.carbonmiledesign.pl\/wp-content\/uploads\/2025\/10\/BMW-M3-G80-CM-Design-x-JBM-10-16x12.jpg 16w, https:\/\/stara.carbonmiledesign.pl\/wp-content\/uploads\/2025\/10\/BMW-M3-G80-CM-Design-x-JBM-10-1000x750.jpg 1000w\" sizes=\"auto, (max-width: 2048px) 100vw, 2048px\" \/>\t\t\t\t\t\t\n\t\t\t\t\t<\/div>\n\t\t\t\t\t\t\t\t\n<style>\n#image_623678463 {\n  width: 100%;\n}\n<\/style>\n\t<\/div>\n\t\n\n\t<div class=\"img has-hover x md-x lg-x y md-y lg-y\" id=\"image_1681188521\">\n\t\t\t\t\t\t\t\t<div class=\"img-inner image-cover dark\" style=\"padding-top:450px;\">\n\t\t\t<img loading=\"lazy\" decoding=\"async\" width=\"2048\" height=\"1536\" src=\"https:\/\/stara.carbonmiledesign.pl\/wp-content\/uploads\/2025\/10\/BMW-M3-G80-CM-Design-x-JBM-5-2048x1536.jpg\" class=\"attachment-2048x2048 size-2048x2048\" alt=\"\" srcset=\"https:\/\/stara.carbonmiledesign.pl\/wp-content\/uploads\/2025\/10\/BMW-M3-G80-CM-Design-x-JBM-5-2048x1536.jpg 2048w, https:\/\/stara.carbonmiledesign.pl\/wp-content\/uploads\/2025\/10\/BMW-M3-G80-CM-Design-x-JBM-5-533x400.jpg 533w, https:\/\/stara.carbonmiledesign.pl\/wp-content\/uploads\/2025\/10\/BMW-M3-G80-CM-Design-x-JBM-5-1067x800.jpg 1067w, https:\/\/stara.carbonmiledesign.pl\/wp-content\/uploads\/2025\/10\/BMW-M3-G80-CM-Design-x-JBM-5-768x576.jpg 768w, https:\/\/stara.carbonmiledesign.pl\/wp-content\/uploads\/2025\/10\/BMW-M3-G80-CM-Design-x-JBM-5-1536x1152.jpg 1536w, https:\/\/stara.carbonmiledesign.pl\/wp-content\/uploads\/2025\/10\/BMW-M3-G80-CM-Design-x-JBM-5-16x12.jpg 16w, https:\/\/stara.carbonmiledesign.pl\/wp-content\/uploads\/2025\/10\/BMW-M3-G80-CM-Design-x-JBM-5-1000x750.jpg 1000w\" sizes=\"auto, (max-width: 2048px) 100vw, 2048px\" \/>\t\t\t\t\t\t\n\t\t\t\t\t<\/div>\n\t\t\t\t\t\t\t\t\n<style>\n#image_1681188521 {\n  width: 100%;\n}\n<\/style>\n\t<\/div>\n\t\n\n\t<div class=\"img has-hover x md-x lg-x y md-y lg-y\" id=\"image_1918797472\">\n\t\t\t\t\t\t\t\t<div class=\"img-inner image-cover dark\" style=\"padding-top:450px;\">\n\t\t\t<img loading=\"lazy\" decoding=\"async\" width=\"2048\" height=\"1536\" src=\"https:\/\/stara.carbonmiledesign.pl\/wp-content\/uploads\/2025\/10\/BMW-M3-G80-CM-Design-x-JBM-7-2048x1536.jpg\" class=\"attachment-2048x2048 size-2048x2048\" alt=\"\" srcset=\"https:\/\/stara.carbonmiledesign.pl\/wp-content\/uploads\/2025\/10\/BMW-M3-G80-CM-Design-x-JBM-7-2048x1536.jpg 2048w, https:\/\/stara.carbonmiledesign.pl\/wp-content\/uploads\/2025\/10\/BMW-M3-G80-CM-Design-x-JBM-7-533x400.jpg 533w, https:\/\/stara.carbonmiledesign.pl\/wp-content\/uploads\/2025\/10\/BMW-M3-G80-CM-Design-x-JBM-7-1067x800.jpg 1067w, https:\/\/stara.carbonmiledesign.pl\/wp-content\/uploads\/2025\/10\/BMW-M3-G80-CM-Design-x-JBM-7-768x576.jpg 768w, https:\/\/stara.carbonmiledesign.pl\/wp-content\/uploads\/2025\/10\/BMW-M3-G80-CM-Design-x-JBM-7-1536x1152.jpg 1536w, https:\/\/stara.carbonmiledesign.pl\/wp-content\/uploads\/2025\/10\/BMW-M3-G80-CM-Design-x-JBM-7-16x12.jpg 16w, https:\/\/stara.carbonmiledesign.pl\/wp-content\/uploads\/2025\/10\/BMW-M3-G80-CM-Design-x-JBM-7-1000x750.jpg 1000w\" sizes=\"auto, (max-width: 2048px) 100vw, 2048px\" \/>\t\t\t\t\t\t\n\t\t\t\t\t<\/div>\n\t\t\t\t\t\t\t\t\n<style>\n#image_1918797472 {\n  width: 100%;\n}\n<\/style>\n\t<\/div>\n\t\n\n\t<div class=\"img has-hover x md-x lg-x y md-y lg-y\" id=\"image_2009609565\">\n\t\t\t\t\t\t\t\t<div class=\"img-inner image-cover dark\" style=\"padding-top:450px;\">\n\t\t\t<img loading=\"lazy\" decoding=\"async\" width=\"2048\" height=\"1536\" src=\"https:\/\/stara.carbonmiledesign.pl\/wp-content\/uploads\/2025\/10\/BMW-M3-G80-CM-Design-x-JBM-8-2048x1536.jpg\" class=\"attachment-2048x2048 size-2048x2048\" alt=\"\" srcset=\"https:\/\/stara.carbonmiledesign.pl\/wp-content\/uploads\/2025\/10\/BMW-M3-G80-CM-Design-x-JBM-8-2048x1536.jpg 2048w, https:\/\/stara.carbonmiledesign.pl\/wp-content\/uploads\/2025\/10\/BMW-M3-G80-CM-Design-x-JBM-8-533x400.jpg 533w, https:\/\/stara.carbonmiledesign.pl\/wp-content\/uploads\/2025\/10\/BMW-M3-G80-CM-Design-x-JBM-8-1067x800.jpg 1067w, https:\/\/stara.carbonmiledesign.pl\/wp-content\/uploads\/2025\/10\/BMW-M3-G80-CM-Design-x-JBM-8-768x576.jpg 768w, https:\/\/stara.carbonmiledesign.pl\/wp-content\/uploads\/2025\/10\/BMW-M3-G80-CM-Design-x-JBM-8-1536x1152.jpg 1536w, https:\/\/stara.carbonmiledesign.pl\/wp-content\/uploads\/2025\/10\/BMW-M3-G80-CM-Design-x-JBM-8-16x12.jpg 16w, https:\/\/stara.carbonmiledesign.pl\/wp-content\/uploads\/2025\/10\/BMW-M3-G80-CM-Design-x-JBM-8-1000x750.jpg 1000w\" sizes=\"auto, (max-width: 2048px) 100vw, 2048px\" \/>\t\t\t\t\t\t\n\t\t\t\t\t<\/div>\n\t\t\t\t\t\t\t\t\n<style>\n#image_2009609565 {\n  width: 100%;\n}\n<\/style>\n\t<\/div>\n\t\n\n\n     <\/div>\n\n     <div class=\"loading-spin dark large centered\"><\/div>\n\n\t<\/div>\n\n\n\n\t\t<\/div>\n\t\t\t\t\t<\/div>\n\n\t\n\n\t<div id=\"col-945730429\" class=\"col medium-2 small-12 large-2\"  >\n\t\t\t\t<div class=\"col-inner\"  >\n\t\t\t\n\t\t\t\n\n\n\t\t<\/div>\n\t\t\t\t\t<\/div>\n\n\t\n\n<\/div>\n\t<div id=\"gap-1132012670\" class=\"gap-element clearfix\" style=\"display:block; height:auto;\">\n\t\t\n<style>\n#gap-1132012670 {\n  padding-top: 80px;\n}\n<\/style>\n\t<\/div>\n\t\n\n<div class=\"row\"  id=\"row-133537429\">\n\n\n\t<div id=\"col-802316751\" class=\"col medium-6 small-12 large-6\"  >\n\t\t\t\t<div class=\"col-inner\"  >\n\t\t\t\n\t\t\t\n\n\t<div class=\"img has-hover x md-x lg-x y md-y lg-y\" id=\"image_420638281\">\n\t\t\t\t\t\t\t\t<div class=\"img-inner image-cover dark\" style=\"padding-top:360px;\">\n\t\t\t<img loading=\"lazy\" decoding=\"async\" width=\"2048\" height=\"1536\" src=\"https:\/\/stara.carbonmiledesign.pl\/wp-content\/uploads\/2025\/10\/BMW-M3-G80-CM-Design-x-JBM-3-2048x1536.jpg\" class=\"attachment-2048x2048 size-2048x2048\" alt=\"\" srcset=\"https:\/\/stara.carbonmiledesign.pl\/wp-content\/uploads\/2025\/10\/BMW-M3-G80-CM-Design-x-JBM-3-2048x1536.jpg 2048w, https:\/\/stara.carbonmiledesign.pl\/wp-content\/uploads\/2025\/10\/BMW-M3-G80-CM-Design-x-JBM-3-533x400.jpg 533w, https:\/\/stara.carbonmiledesign.pl\/wp-content\/uploads\/2025\/10\/BMW-M3-G80-CM-Design-x-JBM-3-1067x800.jpg 1067w, https:\/\/stara.carbonmiledesign.pl\/wp-content\/uploads\/2025\/10\/BMW-M3-G80-CM-Design-x-JBM-3-768x576.jpg 768w, https:\/\/stara.carbonmiledesign.pl\/wp-content\/uploads\/2025\/10\/BMW-M3-G80-CM-Design-x-JBM-3-1536x1152.jpg 1536w, https:\/\/stara.carbonmiledesign.pl\/wp-content\/uploads\/2025\/10\/BMW-M3-G80-CM-Design-x-JBM-3-16x12.jpg 16w, https:\/\/stara.carbonmiledesign.pl\/wp-content\/uploads\/2025\/10\/BMW-M3-G80-CM-Design-x-JBM-3-1000x750.jpg 1000w\" sizes=\"auto, (max-width: 2048px) 100vw, 2048px\" \/>\t\t\t\t\t\t\n\t\t\t\t\t<\/div>\n\t\t\t\t\t\t\t\t\n<style>\n#image_420638281 {\n  width: 100%;\n}\n<\/style>\n\t<\/div>\n\t\n\n\n\t\t<\/div>\n\t\t\t\t\t<\/div>\n\n\t\n\n\t<div id=\"col-1916046893\" class=\"col medium-6 small-12 large-6\"  >\n\t\t\t\t<div class=\"col-inner\"  >\n\t\t\t\n\t\t\t\n\n\t<div class=\"img has-hover x md-x lg-x y md-y lg-y\" id=\"image_561480708\">\n\t\t\t\t\t\t\t\t<div class=\"img-inner image-cover dark\" style=\"padding-top:360px;\">\n\t\t\t<img loading=\"lazy\" decoding=\"async\" width=\"2048\" height=\"1536\" src=\"https:\/\/stara.carbonmiledesign.pl\/wp-content\/uploads\/2025\/10\/BMW-M3-G80-CM-Design-x-JBM-5-2048x1536.jpg\" class=\"attachment-2048x2048 size-2048x2048\" alt=\"\" srcset=\"https:\/\/stara.carbonmiledesign.pl\/wp-content\/uploads\/2025\/10\/BMW-M3-G80-CM-Design-x-JBM-5-2048x1536.jpg 2048w, https:\/\/stara.carbonmiledesign.pl\/wp-content\/uploads\/2025\/10\/BMW-M3-G80-CM-Design-x-JBM-5-533x400.jpg 533w, https:\/\/stara.carbonmiledesign.pl\/wp-content\/uploads\/2025\/10\/BMW-M3-G80-CM-Design-x-JBM-5-1067x800.jpg 1067w, https:\/\/stara.carbonmiledesign.pl\/wp-content\/uploads\/2025\/10\/BMW-M3-G80-CM-Design-x-JBM-5-768x576.jpg 768w, https:\/\/stara.carbonmiledesign.pl\/wp-content\/uploads\/2025\/10\/BMW-M3-G80-CM-Design-x-JBM-5-1536x1152.jpg 1536w, https:\/\/stara.carbonmiledesign.pl\/wp-content\/uploads\/2025\/10\/BMW-M3-G80-CM-Design-x-JBM-5-16x12.jpg 16w, https:\/\/stara.carbonmiledesign.pl\/wp-content\/uploads\/2025\/10\/BMW-M3-G80-CM-Design-x-JBM-5-1000x750.jpg 1000w\" sizes=\"auto, (max-width: 2048px) 100vw, 2048px\" \/>\t\t\t\t\t\t\n\t\t\t\t\t<\/div>\n\t\t\t\t\t\t\t\t\n<style>\n#image_561480708 {\n  width: 100%;\n}\n<\/style>\n\t<\/div>\n\t\n\n\n\t\t<\/div>\n\t\t\t\t\t<\/div>\n\n\t\n\n<\/div>\n<div class=\"row\"  id=\"row-26105771\">\n\n\n\t<div id=\"col-2132369221\" class=\"col medium-4 small-12 large-4\"  >\n\t\t\t\t<div class=\"col-inner\"  >\n\t\t\t\n\t\t\t\n\n\t<div class=\"img has-hover x md-x lg-x y md-y lg-y\" id=\"image_1130642716\">\n\t\t\t\t\t\t\t\t<div class=\"img-inner image-cover dark\" style=\"padding-top:400px;\">\n\t\t\t<img loading=\"lazy\" decoding=\"async\" width=\"569\" height=\"800\" src=\"https:\/\/stara.carbonmiledesign.pl\/wp-content\/uploads\/2025\/10\/BMW-M3-G80-CM-Design-x-JBM-1-1-scaled-e1760950119797-569x800.jpg\" class=\"attachment-large size-large\" alt=\"\" srcset=\"https:\/\/stara.carbonmiledesign.pl\/wp-content\/uploads\/2025\/10\/BMW-M3-G80-CM-Design-x-JBM-1-1-scaled-e1760950119797-569x800.jpg 569w, https:\/\/stara.carbonmiledesign.pl\/wp-content\/uploads\/2025\/10\/BMW-M3-G80-CM-Design-x-JBM-1-1-scaled-e1760950119797-284x400.jpg 284w, https:\/\/stara.carbonmiledesign.pl\/wp-content\/uploads\/2025\/10\/BMW-M3-G80-CM-Design-x-JBM-1-1-scaled-e1760950119797-768x1080.jpg 768w, https:\/\/stara.carbonmiledesign.pl\/wp-content\/uploads\/2025\/10\/BMW-M3-G80-CM-Design-x-JBM-1-1-scaled-e1760950119797-1092x1536.jpg 1092w, https:\/\/stara.carbonmiledesign.pl\/wp-content\/uploads\/2025\/10\/BMW-M3-G80-CM-Design-x-JBM-1-1-scaled-e1760950119797-9x12.jpg 9w, https:\/\/stara.carbonmiledesign.pl\/wp-content\/uploads\/2025\/10\/BMW-M3-G80-CM-Design-x-JBM-1-1-scaled-e1760950119797-1000x1407.jpg 1000w, https:\/\/stara.carbonmiledesign.pl\/wp-content\/uploads\/2025\/10\/BMW-M3-G80-CM-Design-x-JBM-1-1-scaled-e1760950119797.jpg 1365w\" sizes=\"auto, (max-width: 569px) 100vw, 569px\" \/>\t\t\t\t\t\t\n\t\t\t\t\t<\/div>\n\t\t\t\t\t\t\t\t\n<style>\n#image_1130642716 {\n  width: 100%;\n}\n<\/style>\n\t<\/div>\n\t\n\n\n\t\t<\/div>\n\t\t\t\t\t<\/div>\n\n\t\n\n\t<div id=\"col-1576527482\" class=\"col medium-4 small-12 large-4\"  >\n\t\t\t\t<div class=\"col-inner\"  >\n\t\t\t\n\t\t\t\n\n\t<div class=\"img has-hover x md-x lg-x y md-y lg-y\" id=\"image_142237451\">\n\t\t\t\t\t\t\t\t<div class=\"img-inner image-cover dark\" style=\"padding-top:400px;\">\n\t\t\t<img loading=\"lazy\" decoding=\"async\" width=\"753\" height=\"800\" src=\"https:\/\/stara.carbonmiledesign.pl\/wp-content\/uploads\/2025\/10\/BMW-M3-G80-CM-Design-x-JBM-2-1-scaled-e1760952023674-753x800.jpg\" class=\"attachment-large size-large\" alt=\"\" srcset=\"https:\/\/stara.carbonmiledesign.pl\/wp-content\/uploads\/2025\/10\/BMW-M3-G80-CM-Design-x-JBM-2-1-scaled-e1760952023674-753x800.jpg 753w, https:\/\/stara.carbonmiledesign.pl\/wp-content\/uploads\/2025\/10\/BMW-M3-G80-CM-Design-x-JBM-2-1-scaled-e1760952023674-376x400.jpg 376w, https:\/\/stara.carbonmiledesign.pl\/wp-content\/uploads\/2025\/10\/BMW-M3-G80-CM-Design-x-JBM-2-1-scaled-e1760952023674-768x816.jpg 768w, https:\/\/stara.carbonmiledesign.pl\/wp-content\/uploads\/2025\/10\/BMW-M3-G80-CM-Design-x-JBM-2-1-scaled-e1760952023674-1445x1536.jpg 1445w, https:\/\/stara.carbonmiledesign.pl\/wp-content\/uploads\/2025\/10\/BMW-M3-G80-CM-Design-x-JBM-2-1-scaled-e1760952023674-11x12.jpg 11w, https:\/\/stara.carbonmiledesign.pl\/wp-content\/uploads\/2025\/10\/BMW-M3-G80-CM-Design-x-JBM-2-1-scaled-e1760952023674-1000x1063.jpg 1000w, https:\/\/stara.carbonmiledesign.pl\/wp-content\/uploads\/2025\/10\/BMW-M3-G80-CM-Design-x-JBM-2-1-scaled-e1760952023674.jpg 1750w\" sizes=\"auto, (max-width: 753px) 100vw, 753px\" \/>\t\t\t\t\t\t\n\t\t\t\t\t<\/div>\n\t\t\t\t\t\t\t\t\n<style>\n#image_142237451 {\n  width: 100%;\n}\n<\/style>\n\t<\/div>\n\t\n\n\n\t\t<\/div>\n\t\t\t\t\t<\/div>\n\n\t\n\n\t<div id=\"col-1987840729\" class=\"col medium-4 small-12 large-4\"  >\n\t\t\t\t<div class=\"col-inner\"  >\n\t\t\t\n\t\t\t\n\n\t<div class=\"img has-hover x md-x lg-x y md-y lg-y\" id=\"image_39392339\">\n\t\t\t\t\t\t\t\t<div class=\"img-inner image-cover dark\" style=\"padding-top:400px;\">\n\t\t\t<img loading=\"lazy\" decoding=\"async\" width=\"782\" height=\"800\" src=\"https:\/\/stara.carbonmiledesign.pl\/wp-content\/uploads\/2025\/10\/BMW-M3-G80-CM-Design-x-JBM-7-1-scaled-e1760952185222-782x800.jpg\" class=\"attachment-large size-large\" alt=\"\" srcset=\"https:\/\/stara.carbonmiledesign.pl\/wp-content\/uploads\/2025\/10\/BMW-M3-G80-CM-Design-x-JBM-7-1-scaled-e1760952185222-782x800.jpg 782w, https:\/\/stara.carbonmiledesign.pl\/wp-content\/uploads\/2025\/10\/BMW-M3-G80-CM-Design-x-JBM-7-1-scaled-e1760952185222-391x400.jpg 391w, https:\/\/stara.carbonmiledesign.pl\/wp-content\/uploads\/2025\/10\/BMW-M3-G80-CM-Design-x-JBM-7-1-scaled-e1760952185222-768x786.jpg 768w, https:\/\/stara.carbonmiledesign.pl\/wp-content\/uploads\/2025\/10\/BMW-M3-G80-CM-Design-x-JBM-7-1-scaled-e1760952185222-1502x1536.jpg 1502w, https:\/\/stara.carbonmiledesign.pl\/wp-content\/uploads\/2025\/10\/BMW-M3-G80-CM-Design-x-JBM-7-1-scaled-e1760952185222-12x12.jpg 12w, https:\/\/stara.carbonmiledesign.pl\/wp-content\/uploads\/2025\/10\/BMW-M3-G80-CM-Design-x-JBM-7-1-scaled-e1760952185222-1000x1023.jpg 1000w, https:\/\/stara.carbonmiledesign.pl\/wp-content\/uploads\/2025\/10\/BMW-M3-G80-CM-Design-x-JBM-7-1-scaled-e1760952185222.jpg 1877w\" sizes=\"auto, (max-width: 782px) 100vw, 782px\" \/>\t\t\t\t\t\t\n\t\t\t\t\t<\/div>\n\t\t\t\t\t\t\t\t\n<style>\n#image_39392339 {\n  width: 100%;\n}\n<\/style>\n\t<\/div>\n\t\n\n\n\t\t<\/div>\n\t\t\t\t\t<\/div>\n\n\t\n\n<\/div>\n\n\t\t<\/div>\n\t\t\t\t\t<\/div>\n\n\t\n\n<\/div>\n\n\t\t<\/div>\n\n\t\t\n<style>\n#section_1571827243 {\n  padding-top: 30px;\n  padding-bottom: 30px;\n}\n<\/style>\n\t<\/section>\n\t\n\n\t<section class=\"section show-for-small\" id=\"section_112919450\">\n\t\t<div class=\"section-bg fill\" >\n\t\t\t\t\t\t\t\t\t\n\t\t\t\n\n\t\t<\/div>\n\n\t\t\n\n\t\t<div class=\"section-content relative\">\n\t\t\t\n\n<h1 style=\"text-align: center;\">BMW M3 G80<\/h1>\n<div class=\"text-center\"><div class=\"is-divider divider clearfix\" style=\"max-width:210px;background-color:rgb(153, 48, 49);\"><\/div><\/div>\n\n<div class=\"row\"  id=\"row-651967888\">\n\n\n\t<div id=\"col-1871269554\" class=\"col medium-6 small-12 large-6\"  >\n\t\t\t\t<div class=\"col-inner\"  >\n\t\t\t\n\t\t\t\n\n\t<div id=\"text-4247963716\" class=\"text\">\n\t\t\n\n<h3>\u00a0<\/h3>\n<h3 data-start=\"973\" data-end=\"1358\"><strong data-start=\"480\" data-end=\"504\"><span style=\"color: #333333;\"><br \/>BMW M3 G80 &#8211; <a href=\"https:\/\/stara.carbonmiledesign.pl\"><span style=\"color: #993031;\">CarbonmileDesign<\/span> <\/a>x <\/span><span style=\"color: #333333;\"><span style=\"color: #000000;\"><a href=\"https:\/\/jbm-tuning.com\">JBM Tuning<\/a><br \/><br \/><\/span><\/span><\/strong><\/h3>\n<div><span style=\"color: #808080;\">Tym razem z przyjemno\u015bci\u0105 prezentujemy realizacj\u0119 wykonan\u0105 przez naszego partnera &#8211; <span style=\"color: #000000;\"><strong>JBM Tuning<\/strong><\/span>, w kt\u00f3rej wykorzystano nasze elementy. Efekt? <span style=\"color: #00aae7;\"><strong>BMW M3 G80<\/strong><\/span>, kt\u00f3re wygl\u0105da jak zupe\u0142nie nowy samoch\u00f3d. Ca\u0142o\u015b\u0107 nabra\u0142a agresywnego, sportowego charakteru \u2013 wykonana z wyczuciem i smakiem zachowuje balans pomi\u0119dzy agresj\u0105 i elegancj\u0105.\u00a0<\/span><b><\/b><\/div>\n<p data-start=\"70\" data-end=\"472\">\u00a0<\/p>\n<p data-start=\"70\" data-end=\"472\">\u00a0<\/p>\n\t\t\n<style>\n#text-4247963716 {\n  text-align: center;\n}\n<\/style>\n\t<\/div>\n\t\n\t<div class=\"img has-hover x md-x lg-x y md-y lg-y\" id=\"image_808471270\">\n\t\t\t\t\t\t\t\t<div class=\"img-inner image-cover dark\" style=\"padding-top:260px;\">\n\t\t\t<img loading=\"lazy\" decoding=\"async\" width=\"2048\" height=\"1536\" src=\"https:\/\/stara.carbonmiledesign.pl\/wp-content\/uploads\/2025\/10\/BMW-M3-G80-CM-Design-x-JBM-6-2048x1536.jpg\" class=\"attachment-2048x2048 size-2048x2048\" alt=\"\" srcset=\"https:\/\/stara.carbonmiledesign.pl\/wp-content\/uploads\/2025\/10\/BMW-M3-G80-CM-Design-x-JBM-6-2048x1536.jpg 2048w, https:\/\/stara.carbonmiledesign.pl\/wp-content\/uploads\/2025\/10\/BMW-M3-G80-CM-Design-x-JBM-6-533x400.jpg 533w, https:\/\/stara.carbonmiledesign.pl\/wp-content\/uploads\/2025\/10\/BMW-M3-G80-CM-Design-x-JBM-6-1067x800.jpg 1067w, https:\/\/stara.carbonmiledesign.pl\/wp-content\/uploads\/2025\/10\/BMW-M3-G80-CM-Design-x-JBM-6-768x576.jpg 768w, https:\/\/stara.carbonmiledesign.pl\/wp-content\/uploads\/2025\/10\/BMW-M3-G80-CM-Design-x-JBM-6-1536x1152.jpg 1536w, https:\/\/stara.carbonmiledesign.pl\/wp-content\/uploads\/2025\/10\/BMW-M3-G80-CM-Design-x-JBM-6-16x12.jpg 16w, https:\/\/stara.carbonmiledesign.pl\/wp-content\/uploads\/2025\/10\/BMW-M3-G80-CM-Design-x-JBM-6-1000x750.jpg 1000w\" sizes=\"auto, (max-width: 2048px) 100vw, 2048px\" \/>\t\t\t\t\t\t\n\t\t\t\t\t<\/div>\n\t\t\t\t\t\t\t\t\n<style>\n#image_808471270 {\n  width: 100%;\n}\n@media (min-width:550px) {\n  #image_808471270 {\n    width: 100%;\n  }\n}\n<\/style>\n\t<\/div>\n\t\n\n\n\t\t<\/div>\n\t\t\t\t\t<\/div>\n\n\t\n\n<\/div>\n<div class=\"row\"  id=\"row-1950059785\">\n\n\n\t<div id=\"col-1570248457\" class=\"col medium-6 small-12 large-6\"  >\n\t\t\t\t<div class=\"col-inner\"  >\n\t\t\t\n\t\t\t\n\n\t<div id=\"text-3670188220\" class=\"text\">\n\t\t\n\n<h3 data-start=\"973\" data-end=\"1358\"><a href=\"https:\/\/stara.carbonmiledesign.pl\/produkt\/grill-atrapa-carbon-bmw-m3-g80-g81-m4-g82-g83-2\/\"><strong data-start=\"480\" data-end=\"504\">\u2705 <\/strong><\/a><a href=\"https:\/\/stara.carbonmiledesign.pl\/produkt\/grill-atrapa-carbon-bmw-m3-g80-g81-m4-g82-g83-2\/\"> <strong>Grill carbon CS Style<\/strong><\/a><\/h3>\n<p data-start=\"143\" data-end=\"436\"><span style=\"color: #808080;\"><br \/>Na pierwszy plan wysuwa si\u0119 <a href=\"https:\/\/stara.carbonmiledesign.pl\/produkt\/grill-atrapa-carbon-bmw-m3-g80-g81-m4-g82-g83-2\/\"><strong>grill carbon CS Style<\/strong><\/a> \u2013 inspirowany topow\u0105 wersj\u0105 CS. Ten element momentalnie zmienia front auta, dodaj\u0105c mu charakteru i podkre\u015bla wy\u015bcigowe DNA.<\/span><\/p>\n\t\t\n<style>\n#text-3670188220 {\n  text-align: center;\n}\n<\/style>\n\t<\/div>\n\t\n\t<div class=\"img has-hover x md-x lg-x y md-y lg-y\" id=\"image_1970395955\">\n\t\t\t\t\t\t\t\t<div class=\"img-inner image-cover dark\" style=\"padding-top:280px;\">\n\t\t\t<img loading=\"lazy\" decoding=\"async\" width=\"2048\" height=\"1536\" src=\"https:\/\/stara.carbonmiledesign.pl\/wp-content\/uploads\/2025\/10\/BMW-M3-G80-CM-Design-x-JBM-9-2048x1536.jpg\" class=\"attachment-2048x2048 size-2048x2048\" alt=\"\" srcset=\"https:\/\/stara.carbonmiledesign.pl\/wp-content\/uploads\/2025\/10\/BMW-M3-G80-CM-Design-x-JBM-9-2048x1536.jpg 2048w, https:\/\/stara.carbonmiledesign.pl\/wp-content\/uploads\/2025\/10\/BMW-M3-G80-CM-Design-x-JBM-9-533x400.jpg 533w, https:\/\/stara.carbonmiledesign.pl\/wp-content\/uploads\/2025\/10\/BMW-M3-G80-CM-Design-x-JBM-9-1067x800.jpg 1067w, https:\/\/stara.carbonmiledesign.pl\/wp-content\/uploads\/2025\/10\/BMW-M3-G80-CM-Design-x-JBM-9-768x576.jpg 768w, https:\/\/stara.carbonmiledesign.pl\/wp-content\/uploads\/2025\/10\/BMW-M3-G80-CM-Design-x-JBM-9-1536x1152.jpg 1536w, https:\/\/stara.carbonmiledesign.pl\/wp-content\/uploads\/2025\/10\/BMW-M3-G80-CM-Design-x-JBM-9-16x12.jpg 16w, https:\/\/stara.carbonmiledesign.pl\/wp-content\/uploads\/2025\/10\/BMW-M3-G80-CM-Design-x-JBM-9-1000x750.jpg 1000w\" sizes=\"auto, (max-width: 2048px) 100vw, 2048px\" \/>\t\t\t\t\t\t\n\t\t\t\t\t<\/div>\n\t\t\t\t\t\t\t\t\n<style>\n#image_1970395955 {\n  width: 100%;\n}\n<\/style>\n\t<\/div>\n\t\n\n\n\t\t<\/div>\n\t\t\t\t\t<\/div>\n\n\t\n\n<\/div>\n<div class=\"row\"  id=\"row-1042357363\">\n\n\n\t<div id=\"col-1545246295\" class=\"col medium-6 small-12 large-6\"  >\n\t\t\t\t<div class=\"col-inner\"  >\n\t\t\t\n\t\t\t\n\n\t<div id=\"text-55314757\" class=\"text\">\n\t\t\n\n<h3 data-start=\"973\" data-end=\"1358\"><strong data-start=\"480\" data-end=\"504\"><a href=\"https:\/\/stara.carbonmiledesign.pl\/produkt\/wloty-powietrza-carbon-przod-bmw-m3-g80-g81-m4-g82-g83\/\">\u2705 <\/a><a href=\"https:\/\/stara.carbonmiledesign.pl\/produkt\/wloty-powietrza-carbon-przod-bmw-m3-g80-g81-m4-g82-g83\/\"><span style=\"color: #333333;\">Wloty powietrza carbon MP Style<\/span><\/a><\/strong><\/h3>\n<p data-start=\"973\" data-end=\"1358\"><span style=\"color: #808080; font-size: 14.4px;\"><br \/>W zderzaku zamiast standardowych kratek pojawi\u0142y si\u0119 <\/span><a style=\"font-size: 14.4px;\" href=\"https:\/\/stara.carbonmiledesign.pl\/produkt\/wloty-powietrza-carbon-przod-bmw-m3-g80-g81-m4-g82-g83\/\"><strong>wloty powietrza carbon MP Style<\/strong><\/a><span style=\"color: #808080; font-size: 14.4px;\">, kt\u00f3re idealnie komponuj\u0105 si\u0119 z grillem.\u00a0<\/span><\/p>\n\t\t\n<style>\n#text-55314757 {\n  text-align: center;\n}\n<\/style>\n\t<\/div>\n\t\n\t<div class=\"img has-hover x md-x lg-x y md-y lg-y\" id=\"image_1734183285\">\n\t\t\t\t\t\t\t\t<div class=\"img-inner image-cover dark\" style=\"padding-top:280px;\">\n\t\t\t<img loading=\"lazy\" decoding=\"async\" width=\"2048\" height=\"1536\" src=\"https:\/\/stara.carbonmiledesign.pl\/wp-content\/uploads\/2025\/10\/BMW-M3-G80-CM-Design-x-JBM-2-2048x1536.jpg\" class=\"attachment-2048x2048 size-2048x2048\" alt=\"\" srcset=\"https:\/\/stara.carbonmiledesign.pl\/wp-content\/uploads\/2025\/10\/BMW-M3-G80-CM-Design-x-JBM-2-2048x1536.jpg 2048w, https:\/\/stara.carbonmiledesign.pl\/wp-content\/uploads\/2025\/10\/BMW-M3-G80-CM-Design-x-JBM-2-533x400.jpg 533w, https:\/\/stara.carbonmiledesign.pl\/wp-content\/uploads\/2025\/10\/BMW-M3-G80-CM-Design-x-JBM-2-1067x800.jpg 1067w, https:\/\/stara.carbonmiledesign.pl\/wp-content\/uploads\/2025\/10\/BMW-M3-G80-CM-Design-x-JBM-2-768x576.jpg 768w, https:\/\/stara.carbonmiledesign.pl\/wp-content\/uploads\/2025\/10\/BMW-M3-G80-CM-Design-x-JBM-2-1536x1152.jpg 1536w, https:\/\/stara.carbonmiledesign.pl\/wp-content\/uploads\/2025\/10\/BMW-M3-G80-CM-Design-x-JBM-2-16x12.jpg 16w, https:\/\/stara.carbonmiledesign.pl\/wp-content\/uploads\/2025\/10\/BMW-M3-G80-CM-Design-x-JBM-2-1000x750.jpg 1000w\" sizes=\"auto, (max-width: 2048px) 100vw, 2048px\" \/>\t\t\t\t\t\t\n\t\t\t\t\t<\/div>\n\t\t\t\t\t\t\t\t\n<style>\n#image_1734183285 {\n  width: 100%;\n}\n<\/style>\n\t<\/div>\n\t\n\n\n\t\t<\/div>\n\t\t\t\t\t<\/div>\n\n\t\n\n<\/div>\n<div class=\"row\"  id=\"row-13849320\">\n\n\n\t<div id=\"col-1941790537\" class=\"col medium-6 small-12 large-6\"  >\n\t\t\t\t<div class=\"col-inner\"  >\n\t\t\t\n\t\t\t\n\n\t<div id=\"text-2824285179\" class=\"text\">\n\t\t\n\n<h3 data-start=\"973\" data-end=\"1358\"><strong data-start=\"480\" data-end=\"504\"><a href=\"https:\/\/stara.carbonmiledesign.pl\/produkt\/atrapy-wlotow-powietrza-carbon-maski-bmw-m3-g80-g81-m4-g82-g83\/\">\u2705 Atrapy wlot\u00f3w powietrza maski carbon<\/a><\/strong><\/h3>\n<p><span style=\"color: #808080; font-size: 14.4px;\"><br \/>Na masce pojawi\u0142y si\u0119 <a href=\"https:\/\/stara.carbonmiledesign.pl\/produkt\/atrapy-wlotow-powietrza-carbon-maski-bmw-m3-g80-g81-m4-g82-g83\/\"><strong>atrapy wlot\u00f3w powietrza maski carbon<\/strong><\/a>, kt\u00f3re dodaj\u0105 jej agresywnego wygl\u0105du i \u015bwietnie komponuj\u0105 si\u0119 z reszt\u0105 carbonowych element\u00f3w. Dzi\u0119ki kontrastowi z jasnym kolorem samochodu, od razu przyci\u0105gaj\u0105 wzrok i zwracaj\u0105 na siebie uwag\u0119.<\/span><\/p>\n\t\t\n<style>\n#text-2824285179 {\n  text-align: center;\n}\n<\/style>\n\t<\/div>\n\t\n\t<div class=\"img has-hover x md-x lg-x y md-y lg-y\" id=\"image_2009957815\">\n\t\t\t\t\t\t\t\t<div class=\"img-inner image-cover dark\" style=\"padding-top:280px;\">\n\t\t\t<img loading=\"lazy\" decoding=\"async\" width=\"2048\" height=\"1536\" src=\"https:\/\/stara.carbonmiledesign.pl\/wp-content\/uploads\/2025\/10\/BMW-M3-G80-CM-Design-x-JBM-3-2048x1536.jpg\" class=\"attachment-2048x2048 size-2048x2048\" alt=\"\" srcset=\"https:\/\/stara.carbonmiledesign.pl\/wp-content\/uploads\/2025\/10\/BMW-M3-G80-CM-Design-x-JBM-3-2048x1536.jpg 2048w, https:\/\/stara.carbonmiledesign.pl\/wp-content\/uploads\/2025\/10\/BMW-M3-G80-CM-Design-x-JBM-3-533x400.jpg 533w, https:\/\/stara.carbonmiledesign.pl\/wp-content\/uploads\/2025\/10\/BMW-M3-G80-CM-Design-x-JBM-3-1067x800.jpg 1067w, https:\/\/stara.carbonmiledesign.pl\/wp-content\/uploads\/2025\/10\/BMW-M3-G80-CM-Design-x-JBM-3-768x576.jpg 768w, https:\/\/stara.carbonmiledesign.pl\/wp-content\/uploads\/2025\/10\/BMW-M3-G80-CM-Design-x-JBM-3-1536x1152.jpg 1536w, https:\/\/stara.carbonmiledesign.pl\/wp-content\/uploads\/2025\/10\/BMW-M3-G80-CM-Design-x-JBM-3-16x12.jpg 16w, https:\/\/stara.carbonmiledesign.pl\/wp-content\/uploads\/2025\/10\/BMW-M3-G80-CM-Design-x-JBM-3-1000x750.jpg 1000w\" sizes=\"auto, (max-width: 2048px) 100vw, 2048px\" \/>\t\t\t\t\t\t\n\t\t\t\t\t<\/div>\n\t\t\t\t\t\t\t\t\n<style>\n#image_2009957815 {\n  width: 100%;\n}\n<\/style>\n\t<\/div>\n\t\n\n\n\t\t<\/div>\n\t\t\t\t\t<\/div>\n\n\t\n\n<\/div>\n<div class=\"row\"  id=\"row-1398557395\">\n\n\n\t<div id=\"col-569956010\" class=\"col medium-6 small-12 large-6\"  >\n\t\t\t\t<div class=\"col-inner\"  >\n\t\t\t\n\t\t\t\n\n\t<div id=\"text-2986416447\" class=\"text\">\n\t\t\n\n<h3 data-start=\"973\" data-end=\"1358\"><strong data-start=\"480\" data-end=\"504\"><a href=\"https:\/\/stara.carbonmiledesign.pl\/produkt\/obudowy-lusterek-lusterka-carbon-mp-style-m2-g87-m3-g80-g81-m4-g82-g83\/\">\u2705<\/a> <\/strong><strong><a href=\"https:\/\/stara.carbonmiledesign.pl\/produkt\/skrzela-boczne-carbon-mp-style-bmw-m3-g80-g81\/\">Skrzela boczne carbon MP Style<\/a><\/strong><\/h3>\n<p><span style=\"color: #808080;\"><br \/>Po bokach pojawi\u0142y si\u0119 <strong><a href=\"https:\/\/stara.carbonmiledesign.pl\/produkt\/skrzela-boczne-carbon-mp-style-bmw-m3-g80-g81\/\">skrzela carbon MP Style<\/a><\/strong> \u2013 detal, kt\u00f3ry mo\u017ce wydawa\u0107 si\u0119 subtelny, ale w rzeczywisto\u015bci \u015bwietnie podkre\u015bla lini\u0119 nadwozia i uzupe\u0142nia pakiet carbon.<\/span><\/p>\n\t\t\n<style>\n#text-2986416447 {\n  text-align: center;\n}\n<\/style>\n\t<\/div>\n\t\n\t<div class=\"img has-hover x md-x lg-x y md-y lg-y\" id=\"image_1106233541\">\n\t\t\t\t\t\t\t\t<div class=\"img-inner image-cover dark\" style=\"padding-top:280px;\">\n\t\t\t<img loading=\"lazy\" decoding=\"async\" width=\"1365\" height=\"1920\" src=\"https:\/\/stara.carbonmiledesign.pl\/wp-content\/uploads\/2025\/10\/BMW-M3-G80-CM-Design-x-JBM-1-1-scaled-e1760950119797.jpg\" class=\"attachment-original size-original\" alt=\"\" srcset=\"https:\/\/stara.carbonmiledesign.pl\/wp-content\/uploads\/2025\/10\/BMW-M3-G80-CM-Design-x-JBM-1-1-scaled-e1760950119797.jpg 1365w, https:\/\/stara.carbonmiledesign.pl\/wp-content\/uploads\/2025\/10\/BMW-M3-G80-CM-Design-x-JBM-1-1-scaled-e1760950119797-284x400.jpg 284w, https:\/\/stara.carbonmiledesign.pl\/wp-content\/uploads\/2025\/10\/BMW-M3-G80-CM-Design-x-JBM-1-1-scaled-e1760950119797-569x800.jpg 569w, https:\/\/stara.carbonmiledesign.pl\/wp-content\/uploads\/2025\/10\/BMW-M3-G80-CM-Design-x-JBM-1-1-scaled-e1760950119797-768x1080.jpg 768w, https:\/\/stara.carbonmiledesign.pl\/wp-content\/uploads\/2025\/10\/BMW-M3-G80-CM-Design-x-JBM-1-1-scaled-e1760950119797-1092x1536.jpg 1092w, https:\/\/stara.carbonmiledesign.pl\/wp-content\/uploads\/2025\/10\/BMW-M3-G80-CM-Design-x-JBM-1-1-scaled-e1760950119797-9x12.jpg 9w, https:\/\/stara.carbonmiledesign.pl\/wp-content\/uploads\/2025\/10\/BMW-M3-G80-CM-Design-x-JBM-1-1-scaled-e1760950119797-1000x1407.jpg 1000w\" sizes=\"auto, (max-width: 1365px) 100vw, 1365px\" \/>\t\t\t\t\t\t\n\t\t\t\t\t<\/div>\n\t\t\t\t\t\t\t\t\n<style>\n#image_1106233541 {\n  width: 100%;\n}\n<\/style>\n\t<\/div>\n\t\n\n\n\t\t<\/div>\n\t\t\t\t\t<\/div>\n\n\t\n\n<\/div>\n<div class=\"row\"  id=\"row-670742496\">\n\n\n\t<div id=\"col-79172651\" class=\"col medium-6 small-12 large-6\"  >\n\t\t\t\t<div class=\"col-inner\"  >\n\t\t\t\n\t\t\t\n\n\t<div id=\"text-3710120087\" class=\"text\">\n\t\t\n\n<h3 data-start=\"973\" data-end=\"1358\">\u00a0<\/h3>\n<h3 data-start=\"973\" data-end=\"1358\"><strong data-start=\"480\" data-end=\"504\"><a href=\"https:\/\/stara.carbonmiledesign.pl\/produkt\/listwy-progowe-progi-carbon-bmw-m3-g80-g81-cm-design\/\">\u2705<\/a> <span style=\"color: #333333;\"><a href=\"https:\/\/stara.carbonmiledesign.pl\/produkt\/listwy-progowe-progi-carbon-bmw-m3-g80-g81-cm-design\/\">Listwy progowe carbon MP Style<\/a><\/span><\/strong><\/h3>\n<p><span style=\"font-size: 14.4px;\"><br \/><span style=\"color: #808080;\">K<span style=\"font-size: 100%;\">olejnym dodatkiem s\u0105 <a href=\"https:\/\/stara.carbonmiledesign.pl\/produkt\/listwy-progowe-progi-carbon-bmw-m3-g80-g81-cm-design\/\"><strong>listwy progowe carbon MP Style <\/strong><\/a><\/span><\/span><\/span><span style=\"color: #808080; font-size: 100%;\">, kt\u00f3re dzi\u0119ki widocznym w tylnej cz\u0119\u015bci &#8222;winglet&#8217;s&#8221; optycznie poszerzaj\u0105 sylwetk\u0119 samochodu dodaj\u0105c bardziej agresywnych kszta\u0142t\u00f3w.<\/span><\/p>\n\t\t\n<style>\n#text-3710120087 {\n  text-align: center;\n}\n<\/style>\n\t<\/div>\n\t\n\t<div class=\"img has-hover x md-x lg-x y md-y lg-y\" id=\"image_872356251\">\n\t\t\t\t\t\t\t\t<div class=\"img-inner image-cover dark\" style=\"padding-top:280px;\">\n\t\t\t<img loading=\"lazy\" decoding=\"async\" width=\"2560\" height=\"1920\" src=\"https:\/\/stara.carbonmiledesign.pl\/wp-content\/uploads\/2025\/10\/BMW-M3-G80-CM-Design-x-JBM-11-scaled.jpg\" class=\"attachment-original size-original\" alt=\"\" srcset=\"https:\/\/stara.carbonmiledesign.pl\/wp-content\/uploads\/2025\/10\/BMW-M3-G80-CM-Design-x-JBM-11-scaled.jpg 2560w, https:\/\/stara.carbonmiledesign.pl\/wp-content\/uploads\/2025\/10\/BMW-M3-G80-CM-Design-x-JBM-11-533x400.jpg 533w, https:\/\/stara.carbonmiledesign.pl\/wp-content\/uploads\/2025\/10\/BMW-M3-G80-CM-Design-x-JBM-11-1067x800.jpg 1067w, https:\/\/stara.carbonmiledesign.pl\/wp-content\/uploads\/2025\/10\/BMW-M3-G80-CM-Design-x-JBM-11-768x576.jpg 768w, https:\/\/stara.carbonmiledesign.pl\/wp-content\/uploads\/2025\/10\/BMW-M3-G80-CM-Design-x-JBM-11-1536x1152.jpg 1536w, https:\/\/stara.carbonmiledesign.pl\/wp-content\/uploads\/2025\/10\/BMW-M3-G80-CM-Design-x-JBM-11-2048x1536.jpg 2048w, https:\/\/stara.carbonmiledesign.pl\/wp-content\/uploads\/2025\/10\/BMW-M3-G80-CM-Design-x-JBM-11-16x12.jpg 16w, https:\/\/stara.carbonmiledesign.pl\/wp-content\/uploads\/2025\/10\/BMW-M3-G80-CM-Design-x-JBM-11-1000x750.jpg 1000w\" sizes=\"auto, (max-width: 2560px) 100vw, 2560px\" \/>\t\t\t\t\t\t\n\t\t\t\t\t<\/div>\n\t\t\t\t\t\t\t\t\n<style>\n#image_872356251 {\n  width: 100%;\n}\n<\/style>\n\t<\/div>\n\t\n\n\n\t\t<\/div>\n\t\t\t\t\t<\/div>\n\n\t\n\n<\/div>\n<div class=\"row\"  id=\"row-340757984\">\n\n\n\t<div id=\"col-1044838342\" class=\"col medium-6 small-12 large-6\"  >\n\t\t\t\t<div class=\"col-inner\"  >\n\t\t\t\n\t\t\t\n\n\t<div id=\"text-3784193081\" class=\"text\">\n\t\t\n\n<h3 data-start=\"973\" data-end=\"1358\"><a href=\"https:\/\/stara.carbonmiledesign.pl\/produkt\/splitter-carbon-tylnego-zderzaka-oem-style-bmw-m3-g80-g81\/\"><strong data-start=\"480\" data-end=\"504\">\u2705 <\/strong><\/a><strong><a href=\"https:\/\/stara.carbonmiledesign.pl\/produkt\/splitter-winglets-carbon-tylnego-zderzaka-mp-style-bmw-m3-g80-g81\/\">Winglet&#8217;s carbon MP Style<\/a><br \/><\/strong><\/h3>\n<p><span style=\"color: #808080;\"><br \/>Ty\u0142 auta uzupe\u0142niaj\u0105 <a href=\"https:\/\/stara.carbonmiledesign.pl\/produkt\/splitter-winglets-carbon-tylnego-zderzaka-mp-style-bmw-m3-g80-g81\/\"><strong>winglet\u2019s carbon MP Style<\/strong><\/a> \u2013 niewielki, ale efektowny detal, kt\u00f3ry poszerza optycznie doln\u0105 cz\u0119\u015b\u0107 zderzaka, idealnie komponuj\u0105c si\u0119 z listwami progowymi.\u00a0<\/span><\/p>\n\t\t\n<style>\n#text-3784193081 {\n  text-align: center;\n}\n<\/style>\n\t<\/div>\n\t\n\t<div class=\"img has-hover x md-x lg-x y md-y lg-y\" id=\"image_619988137\">\n\t\t\t\t\t\t\t\t<div class=\"img-inner image-cover dark\" style=\"padding-top:280px;\">\n\t\t\t<img loading=\"lazy\" decoding=\"async\" width=\"2048\" height=\"1536\" src=\"https:\/\/stara.carbonmiledesign.pl\/wp-content\/uploads\/2025\/10\/BMW-M3-G80-CM-Design-x-JBM-10-2048x1536.jpg\" class=\"attachment-2048x2048 size-2048x2048\" alt=\"\" srcset=\"https:\/\/stara.carbonmiledesign.pl\/wp-content\/uploads\/2025\/10\/BMW-M3-G80-CM-Design-x-JBM-10-2048x1536.jpg 2048w, https:\/\/stara.carbonmiledesign.pl\/wp-content\/uploads\/2025\/10\/BMW-M3-G80-CM-Design-x-JBM-10-533x400.jpg 533w, https:\/\/stara.carbonmiledesign.pl\/wp-content\/uploads\/2025\/10\/BMW-M3-G80-CM-Design-x-JBM-10-1067x800.jpg 1067w, https:\/\/stara.carbonmiledesign.pl\/wp-content\/uploads\/2025\/10\/BMW-M3-G80-CM-Design-x-JBM-10-768x576.jpg 768w, https:\/\/stara.carbonmiledesign.pl\/wp-content\/uploads\/2025\/10\/BMW-M3-G80-CM-Design-x-JBM-10-1536x1152.jpg 1536w, https:\/\/stara.carbonmiledesign.pl\/wp-content\/uploads\/2025\/10\/BMW-M3-G80-CM-Design-x-JBM-10-16x12.jpg 16w, https:\/\/stara.carbonmiledesign.pl\/wp-content\/uploads\/2025\/10\/BMW-M3-G80-CM-Design-x-JBM-10-1000x750.jpg 1000w\" sizes=\"auto, (max-width: 2048px) 100vw, 2048px\" \/>\t\t\t\t\t\t\n\t\t\t\t\t<\/div>\n\t\t\t\t\t\t\t\t\n<style>\n#image_619988137 {\n  width: 100%;\n}\n<\/style>\n\t<\/div>\n\t\n\n\n\t\t<\/div>\n\t\t\t\t\t<\/div>\n\n\t\n\n<\/div>\n<div class=\"row\"  id=\"row-1330294557\">\n\n\n\t<div id=\"col-1876125586\" class=\"col medium-6 small-12 large-6\"  >\n\t\t\t\t<div class=\"col-inner\"  >\n\t\t\t\n\t\t\t\n\n\t<div id=\"text-708951195\" class=\"text\">\n\t\t\n\n<h3 data-start=\"973\" data-end=\"1358\"><strong data-start=\"480\" data-end=\"504\">\u2705 <span style=\"color: #333333;\"><a href=\"https:\/\/stara.carbonmiledesign.pl\/produkt\/dyfuzor-carbon-led-cm-style-bmw-m3-g80-g81-m4-g82-g83\/\">Dyfuzor carbon\u00a0LED CM Style<\/a>\u00a0<\/span><\/strong><\/h3>\n<p><span style=\"color: #808080;\">\u00a0<\/span><\/p>\n<p><span style=\"color: #808080;\">Ca\u0142o\u015b\u0107 wie\u0144czy <a href=\"https:\/\/stara.carbonmiledesign.pl\/produkt\/dyfuzor-carbon-led-cm-style-bmw-m3-g80-g81-m4-g82-g83\/\"><strong>dyfuzor carbon LED CM Style<\/strong><\/a>\u00a0\u2013 smuk\u0142y i dopracowany. Dodatkowo dzi\u0119ki LED-owi zintegrowanemu ze \u015bwiat\u0142ami stopu fenomenalnie nawi\u0105zuje do wy\u015bcigowego charakteru BMW.\u00a0<\/span><\/p>\n\t\t\n<style>\n#text-708951195 {\n  text-align: center;\n}\n<\/style>\n\t<\/div>\n\t\n\t<div class=\"img has-hover x md-x lg-x y md-y lg-y\" id=\"image_1611077367\">\n\t\t\t\t\t\t\t\t<div class=\"img-inner image-cover dark\" style=\"padding-top:280px;\">\n\t\t\t<img loading=\"lazy\" decoding=\"async\" width=\"2048\" height=\"1536\" src=\"https:\/\/stara.carbonmiledesign.pl\/wp-content\/uploads\/2025\/10\/BMW-M3-G80-CM-Design-x-JBM-8-2048x1536.jpg\" class=\"attachment-2048x2048 size-2048x2048\" alt=\"\" srcset=\"https:\/\/stara.carbonmiledesign.pl\/wp-content\/uploads\/2025\/10\/BMW-M3-G80-CM-Design-x-JBM-8-2048x1536.jpg 2048w, https:\/\/stara.carbonmiledesign.pl\/wp-content\/uploads\/2025\/10\/BMW-M3-G80-CM-Design-x-JBM-8-533x400.jpg 533w, https:\/\/stara.carbonmiledesign.pl\/wp-content\/uploads\/2025\/10\/BMW-M3-G80-CM-Design-x-JBM-8-1067x800.jpg 1067w, https:\/\/stara.carbonmiledesign.pl\/wp-content\/uploads\/2025\/10\/BMW-M3-G80-CM-Design-x-JBM-8-768x576.jpg 768w, https:\/\/stara.carbonmiledesign.pl\/wp-content\/uploads\/2025\/10\/BMW-M3-G80-CM-Design-x-JBM-8-1536x1152.jpg 1536w, https:\/\/stara.carbonmiledesign.pl\/wp-content\/uploads\/2025\/10\/BMW-M3-G80-CM-Design-x-JBM-8-16x12.jpg 16w, https:\/\/stara.carbonmiledesign.pl\/wp-content\/uploads\/2025\/10\/BMW-M3-G80-CM-Design-x-JBM-8-1000x750.jpg 1000w\" sizes=\"auto, (max-width: 2048px) 100vw, 2048px\" \/>\t\t\t\t\t\t\n\t\t\t\t\t<\/div>\n\t\t\t\t\t\t\t\t\n<style>\n#image_1611077367 {\n  width: 100%;\n}\n<\/style>\n\t<\/div>\n\t\n\n\n\t\t<\/div>\n\t\t\t\t\t<\/div>\n\n\t\n\n<\/div>\n<div class=\"row\"  id=\"row-1500481937\">\n\n\n\t<div id=\"col-706562487\" class=\"col medium-6 small-12 large-6\"  >\n\t\t\t\t<div class=\"col-inner\"  >\n\t\t\t\n\t\t\t\n\n\t<div id=\"text-2069356719\" class=\"text\">\n\t\t\n\n<h3 data-start=\"973\" data-end=\"1358\">\ud83d\udea8 Podsumowanie<br \/><br \/><\/h3>\n<p><span style=\"color: #808080;\">Fenomenalna realizacja w wykonaniu <a href=\"https:\/\/jbm-tuning.com\"><span style=\"color: #000000;\"><strong>JBM Tuning<\/strong> <\/span><\/a>na\u00a0<span style=\"color: #00aae7;\"><strong>BMW M3 G80<\/strong><\/span>\u00a0sprawi\u0142a, \u017ce po tej metamorfozie wygl\u0105da jeszcze bardziej agresywnie, nowocze\u015bnie i po prostu tak, jak powinno \u2013 jak prawdziwe M w najlepszym wydaniu.<\/span><\/p>\n\t\t\n<style>\n#text-2069356719 {\n  text-align: center;\n}\n<\/style>\n\t<\/div>\n\t\n\t<div class=\"img has-hover x md-x lg-x y md-y lg-y\" id=\"image_637697628\">\n\t\t\t\t\t\t<div data-animate=\"fadeInUp\">\t\t<div class=\"img-inner image-cover dark\" style=\"padding-top:280px;\">\n\t\t\t<img loading=\"lazy\" decoding=\"async\" width=\"2048\" height=\"1536\" src=\"https:\/\/stara.carbonmiledesign.pl\/wp-content\/uploads\/2025\/10\/BMW-M3-G80-CM-Design-x-JBM-5-2048x1536.jpg\" class=\"attachment-2048x2048 size-2048x2048\" alt=\"\" srcset=\"https:\/\/stara.carbonmiledesign.pl\/wp-content\/uploads\/2025\/10\/BMW-M3-G80-CM-Design-x-JBM-5-2048x1536.jpg 2048w, https:\/\/stara.carbonmiledesign.pl\/wp-content\/uploads\/2025\/10\/BMW-M3-G80-CM-Design-x-JBM-5-533x400.jpg 533w, https:\/\/stara.carbonmiledesign.pl\/wp-content\/uploads\/2025\/10\/BMW-M3-G80-CM-Design-x-JBM-5-1067x800.jpg 1067w, https:\/\/stara.carbonmiledesign.pl\/wp-content\/uploads\/2025\/10\/BMW-M3-G80-CM-Design-x-JBM-5-768x576.jpg 768w, https:\/\/stara.carbonmiledesign.pl\/wp-content\/uploads\/2025\/10\/BMW-M3-G80-CM-Design-x-JBM-5-1536x1152.jpg 1536w, https:\/\/stara.carbonmiledesign.pl\/wp-content\/uploads\/2025\/10\/BMW-M3-G80-CM-Design-x-JBM-5-16x12.jpg 16w, https:\/\/stara.carbonmiledesign.pl\/wp-content\/uploads\/2025\/10\/BMW-M3-G80-CM-Design-x-JBM-5-1000x750.jpg 1000w\" sizes=\"auto, (max-width: 2048px) 100vw, 2048px\" \/>\t\t\t\t\t\t\n\t\t\t\t\t<\/div>\n\t\t<\/div>\t\t\t\t\t\t\n<style>\n#image_637697628 {\n  width: 100%;\n}\n<\/style>\n\t<\/div>\n\t\n\n\n\t\t<\/div>\n\t\t\t\t\t<\/div>\n\n\t\n\n<\/div>\n<div class=\"row\"  id=\"row-586122977\">\n\n\n\t<div id=\"col-44569723\" class=\"col small-12 large-12\"  >\n\t\t\t\t<div class=\"col-inner\"  >\n\t\t\t\n\t\t\t\n\n<div class=\"row\"  id=\"row-1246645413\">\n\n\n\t<div id=\"col-412538878\" class=\"col medium-8 small-12 large-8\"  >\n\t\t\t\t<div class=\"col-inner\"  >\n\t\t\t\n\t\t\t\n\n\t<div id=\"text-3796969337\" class=\"text\">\n\t\t\n\n<h3><strong>\ud83c\udfa5 Final effect\u00a0<\/strong><\/h3>\n<p data-start=\"137\" data-end=\"380\"><span style=\"color: #808080;\">Po monta\u017cu auto zyska\u0142o jeszcze bardziej sportowy i dynamiczny wygl\u0105d, a karbonowe dodatki doskonale komponuj\u0105 si\u0119 z muskularn\u0105 sylwetk\u0105 M3 G80. Detale z w\u0142\u00f3kna w\u0119glowego podkre\u015blaj\u0105 agresywny charakter tego modelu, przyci\u0105gaj\u0105c spojrzenia na drodze i dodaj\u0105c mu unikalnego stylu.<\/span><\/p>\n<p data-start=\"382\" data-end=\"506\"><span style=\"color: #808080;\">\ud83d\udc49 <strong data-start=\"385\" data-end=\"436\">Want your car to stand out on the road?<\/strong><\/span><br data-start=\"436\" data-end=\"439\" \/><span style=\"color: #993031;\"><a style=\"color: #993031;\" href=\"https:\/\/stara.carbonmiledesign.pl\/sklep-wysokiej-jakosci-czesci-carbon\/\">Check out our offer!<\/a><\/span><\/p>\n<p data-start=\"508\" data-end=\"563\" data-is-last-node=\"\" data-is-only-node=\"\"><span style=\"color: #808080;\">\ud83d\udce9 <strong data-start=\"511\" data-end=\"561\">Contact us and make your vision come true!<br \/><\/strong><span style=\"color: #993031;\">+48-797-869-745<\/span><\/span><\/p>\n\t\t\n<style>\n#text-3796969337 {\n  text-align: center;\n}\n<\/style>\n\t<\/div>\n\t\n\n\t\t<\/div>\n\t\t\t\t\t<\/div>\n\n\t\n\n\t<div id=\"col-261759939\" class=\"col medium-2 small-12 large-2\"  >\n\t\t\t\t<div class=\"col-inner\"  >\n\t\t\t\n\t\t\t\n\n<h1 style=\"text-align: center;\">Efekt ko\u0144cowy:<\/h1>\n<div class=\"slider-wrapper relative\" id=\"slider-861540990\" >\n    <div class=\"slider slider-nav-circle slider-nav-large slider-nav-light slider-style-normal\"\n        data-flickity-options='{            \"cellAlign\": \"center\",            \"imagesLoaded\": true,            \"lazyLoad\": 1,            \"freeScroll\": false,            \"wrapAround\": true,            \"autoPlay\": 6000,            \"pauseAutoPlayOnHover\" : true,            \"prevNextButtons\": true,            \"contain\" : true,            \"adaptiveHeight\" : true,            \"dragThreshold\" : 10,            \"percentPosition\": true,            \"pageDots\": true,            \"rightToLeft\": false,            \"draggable\": true,            \"selectedAttraction\": 0.1,            \"parallax\" : 0,            \"friction\": 0.6        }'\n        >\n        \n\n\t<div class=\"img has-hover x md-x lg-x y md-y lg-y\" id=\"image_1179120774\">\n\t\t\t\t\t\t\t\t<div class=\"img-inner image-cover dark\" style=\"padding-top:260px;\">\n\t\t\t<img loading=\"lazy\" decoding=\"async\" width=\"1020\" height=\"765\" src=\"https:\/\/stara.carbonmiledesign.pl\/wp-content\/uploads\/2025\/10\/BMW-M3-G80-CM-Design-x-JBM-6-1067x800.jpg\" class=\"attachment-large size-large\" alt=\"\" srcset=\"https:\/\/stara.carbonmiledesign.pl\/wp-content\/uploads\/2025\/10\/BMW-M3-G80-CM-Design-x-JBM-6-1067x800.jpg 1067w, https:\/\/stara.carbonmiledesign.pl\/wp-content\/uploads\/2025\/10\/BMW-M3-G80-CM-Design-x-JBM-6-533x400.jpg 533w, https:\/\/stara.carbonmiledesign.pl\/wp-content\/uploads\/2025\/10\/BMW-M3-G80-CM-Design-x-JBM-6-768x576.jpg 768w, https:\/\/stara.carbonmiledesign.pl\/wp-content\/uploads\/2025\/10\/BMW-M3-G80-CM-Design-x-JBM-6-1536x1152.jpg 1536w, https:\/\/stara.carbonmiledesign.pl\/wp-content\/uploads\/2025\/10\/BMW-M3-G80-CM-Design-x-JBM-6-2048x1536.jpg 2048w, https:\/\/stara.carbonmiledesign.pl\/wp-content\/uploads\/2025\/10\/BMW-M3-G80-CM-Design-x-JBM-6-16x12.jpg 16w, https:\/\/stara.carbonmiledesign.pl\/wp-content\/uploads\/2025\/10\/BMW-M3-G80-CM-Design-x-JBM-6-1000x750.jpg 1000w\" sizes=\"auto, (max-width: 1020px) 100vw, 1020px\" \/>\t\t\t\t\t\t\n\t\t\t\t\t<\/div>\n\t\t\t\t\t\t\t\t\n<style>\n#image_1179120774 {\n  width: 100%;\n}\n<\/style>\n\t<\/div>\n\t\n\n\t<div class=\"img has-hover x md-x lg-x y md-y lg-y\" id=\"image_961848782\">\n\t\t\t\t\t\t\t\t<div class=\"img-inner image-cover dark\" style=\"padding-top:260px;\">\n\t\t\t<img loading=\"lazy\" decoding=\"async\" width=\"1020\" height=\"765\" src=\"https:\/\/stara.carbonmiledesign.pl\/wp-content\/uploads\/2025\/10\/BMW-M3-G80-CM-Design-x-JBM-3-1067x800.jpg\" class=\"attachment-large size-large\" alt=\"\" srcset=\"https:\/\/stara.carbonmiledesign.pl\/wp-content\/uploads\/2025\/10\/BMW-M3-G80-CM-Design-x-JBM-3-1067x800.jpg 1067w, https:\/\/stara.carbonmiledesign.pl\/wp-content\/uploads\/2025\/10\/BMW-M3-G80-CM-Design-x-JBM-3-533x400.jpg 533w, https:\/\/stara.carbonmiledesign.pl\/wp-content\/uploads\/2025\/10\/BMW-M3-G80-CM-Design-x-JBM-3-768x576.jpg 768w, https:\/\/stara.carbonmiledesign.pl\/wp-content\/uploads\/2025\/10\/BMW-M3-G80-CM-Design-x-JBM-3-1536x1152.jpg 1536w, https:\/\/stara.carbonmiledesign.pl\/wp-content\/uploads\/2025\/10\/BMW-M3-G80-CM-Design-x-JBM-3-2048x1536.jpg 2048w, https:\/\/stara.carbonmiledesign.pl\/wp-content\/uploads\/2025\/10\/BMW-M3-G80-CM-Design-x-JBM-3-16x12.jpg 16w, https:\/\/stara.carbonmiledesign.pl\/wp-content\/uploads\/2025\/10\/BMW-M3-G80-CM-Design-x-JBM-3-1000x750.jpg 1000w\" sizes=\"auto, (max-width: 1020px) 100vw, 1020px\" \/>\t\t\t\t\t\t\n\t\t\t\t\t<\/div>\n\t\t\t\t\t\t\t\t\n<style>\n#image_961848782 {\n  width: 100%;\n}\n<\/style>\n\t<\/div>\n\t\n\n\t<div class=\"img has-hover x md-x lg-x y md-y lg-y\" id=\"image_1608415540\">\n\t\t\t\t\t\t\t\t<div class=\"img-inner image-cover dark\" style=\"padding-top:260px;\">\n\t\t\t<img loading=\"lazy\" decoding=\"async\" width=\"1020\" height=\"765\" src=\"https:\/\/stara.carbonmiledesign.pl\/wp-content\/uploads\/2025\/10\/BMW-M3-G80-CM-Design-x-JBM-2-1067x800.jpg\" class=\"attachment-large size-large\" alt=\"\" srcset=\"https:\/\/stara.carbonmiledesign.pl\/wp-content\/uploads\/2025\/10\/BMW-M3-G80-CM-Design-x-JBM-2-1067x800.jpg 1067w, https:\/\/stara.carbonmiledesign.pl\/wp-content\/uploads\/2025\/10\/BMW-M3-G80-CM-Design-x-JBM-2-533x400.jpg 533w, https:\/\/stara.carbonmiledesign.pl\/wp-content\/uploads\/2025\/10\/BMW-M3-G80-CM-Design-x-JBM-2-768x576.jpg 768w, https:\/\/stara.carbonmiledesign.pl\/wp-content\/uploads\/2025\/10\/BMW-M3-G80-CM-Design-x-JBM-2-1536x1152.jpg 1536w, https:\/\/stara.carbonmiledesign.pl\/wp-content\/uploads\/2025\/10\/BMW-M3-G80-CM-Design-x-JBM-2-2048x1536.jpg 2048w, https:\/\/stara.carbonmiledesign.pl\/wp-content\/uploads\/2025\/10\/BMW-M3-G80-CM-Design-x-JBM-2-16x12.jpg 16w, https:\/\/stara.carbonmiledesign.pl\/wp-content\/uploads\/2025\/10\/BMW-M3-G80-CM-Design-x-JBM-2-1000x750.jpg 1000w\" sizes=\"auto, (max-width: 1020px) 100vw, 1020px\" \/>\t\t\t\t\t\t\n\t\t\t\t\t<\/div>\n\t\t\t\t\t\t\t\t\n<style>\n#image_1608415540 {\n  width: 100%;\n}\n<\/style>\n\t<\/div>\n\t\n\n\t<div class=\"img has-hover x md-x lg-x y md-y lg-y\" id=\"image_385388732\">\n\t\t\t\t\t\t\t\t<div class=\"img-inner image-cover dark\" style=\"padding-top:260px;\">\n\t\t\t<img loading=\"lazy\" decoding=\"async\" width=\"1020\" height=\"765\" src=\"https:\/\/stara.carbonmiledesign.pl\/wp-content\/uploads\/2025\/10\/BMW-M3-G80-CM-Design-x-JBM-9-1067x800.jpg\" class=\"attachment-large size-large\" alt=\"\" srcset=\"https:\/\/stara.carbonmiledesign.pl\/wp-content\/uploads\/2025\/10\/BMW-M3-G80-CM-Design-x-JBM-9-1067x800.jpg 1067w, https:\/\/stara.carbonmiledesign.pl\/wp-content\/uploads\/2025\/10\/BMW-M3-G80-CM-Design-x-JBM-9-533x400.jpg 533w, https:\/\/stara.carbonmiledesign.pl\/wp-content\/uploads\/2025\/10\/BMW-M3-G80-CM-Design-x-JBM-9-768x576.jpg 768w, https:\/\/stara.carbonmiledesign.pl\/wp-content\/uploads\/2025\/10\/BMW-M3-G80-CM-Design-x-JBM-9-1536x1152.jpg 1536w, https:\/\/stara.carbonmiledesign.pl\/wp-content\/uploads\/2025\/10\/BMW-M3-G80-CM-Design-x-JBM-9-2048x1536.jpg 2048w, https:\/\/stara.carbonmiledesign.pl\/wp-content\/uploads\/2025\/10\/BMW-M3-G80-CM-Design-x-JBM-9-16x12.jpg 16w, https:\/\/stara.carbonmiledesign.pl\/wp-content\/uploads\/2025\/10\/BMW-M3-G80-CM-Design-x-JBM-9-1000x750.jpg 1000w\" sizes=\"auto, (max-width: 1020px) 100vw, 1020px\" \/>\t\t\t\t\t\t\n\t\t\t\t\t<\/div>\n\t\t\t\t\t\t\t\t\n<style>\n#image_385388732 {\n  width: 100%;\n}\n<\/style>\n\t<\/div>\n\t\n\n\t<div class=\"img has-hover x md-x lg-x y md-y lg-y\" id=\"image_533305614\">\n\t\t\t\t\t\t\t\t<div class=\"img-inner image-cover dark\" style=\"padding-top:260px;\">\n\t\t\t<img loading=\"lazy\" decoding=\"async\" width=\"1020\" height=\"765\" src=\"https:\/\/stara.carbonmiledesign.pl\/wp-content\/uploads\/2025\/10\/BMW-M3-G80-CM-Design-x-JBM-1-1067x800.jpg\" class=\"attachment-large size-large\" alt=\"\" srcset=\"https:\/\/stara.carbonmiledesign.pl\/wp-content\/uploads\/2025\/10\/BMW-M3-G80-CM-Design-x-JBM-1-1067x800.jpg 1067w, https:\/\/stara.carbonmiledesign.pl\/wp-content\/uploads\/2025\/10\/BMW-M3-G80-CM-Design-x-JBM-1-533x400.jpg 533w, https:\/\/stara.carbonmiledesign.pl\/wp-content\/uploads\/2025\/10\/BMW-M3-G80-CM-Design-x-JBM-1-768x576.jpg 768w, https:\/\/stara.carbonmiledesign.pl\/wp-content\/uploads\/2025\/10\/BMW-M3-G80-CM-Design-x-JBM-1-1536x1152.jpg 1536w, https:\/\/stara.carbonmiledesign.pl\/wp-content\/uploads\/2025\/10\/BMW-M3-G80-CM-Design-x-JBM-1-2048x1536.jpg 2048w, https:\/\/stara.carbonmiledesign.pl\/wp-content\/uploads\/2025\/10\/BMW-M3-G80-CM-Design-x-JBM-1-16x12.jpg 16w, https:\/\/stara.carbonmiledesign.pl\/wp-content\/uploads\/2025\/10\/BMW-M3-G80-CM-Design-x-JBM-1-1000x750.jpg 1000w\" sizes=\"auto, (max-width: 1020px) 100vw, 1020px\" \/>\t\t\t\t\t\t\n\t\t\t\t\t<\/div>\n\t\t\t\t\t\t\t\t\n<style>\n#image_533305614 {\n  width: 100%;\n}\n<\/style>\n\t<\/div>\n\t\n\n\t<div class=\"img has-hover x md-x lg-x y md-y lg-y\" id=\"image_678821676\">\n\t\t\t\t\t\t\t\t<div class=\"img-inner image-cover dark\" style=\"padding-top:260px;\">\n\t\t\t<img loading=\"lazy\" decoding=\"async\" width=\"1020\" height=\"765\" src=\"https:\/\/stara.carbonmiledesign.pl\/wp-content\/uploads\/2025\/10\/BMW-M3-G80-CM-Design-x-JBM-11-1067x800.jpg\" class=\"attachment-large size-large\" alt=\"\" srcset=\"https:\/\/stara.carbonmiledesign.pl\/wp-content\/uploads\/2025\/10\/BMW-M3-G80-CM-Design-x-JBM-11-1067x800.jpg 1067w, https:\/\/stara.carbonmiledesign.pl\/wp-content\/uploads\/2025\/10\/BMW-M3-G80-CM-Design-x-JBM-11-533x400.jpg 533w, https:\/\/stara.carbonmiledesign.pl\/wp-content\/uploads\/2025\/10\/BMW-M3-G80-CM-Design-x-JBM-11-768x576.jpg 768w, https:\/\/stara.carbonmiledesign.pl\/wp-content\/uploads\/2025\/10\/BMW-M3-G80-CM-Design-x-JBM-11-1536x1152.jpg 1536w, https:\/\/stara.carbonmiledesign.pl\/wp-content\/uploads\/2025\/10\/BMW-M3-G80-CM-Design-x-JBM-11-2048x1536.jpg 2048w, https:\/\/stara.carbonmiledesign.pl\/wp-content\/uploads\/2025\/10\/BMW-M3-G80-CM-Design-x-JBM-11-16x12.jpg 16w, https:\/\/stara.carbonmiledesign.pl\/wp-content\/uploads\/2025\/10\/BMW-M3-G80-CM-Design-x-JBM-11-1000x750.jpg 1000w\" sizes=\"auto, (max-width: 1020px) 100vw, 1020px\" \/>\t\t\t\t\t\t\n\t\t\t\t\t<\/div>\n\t\t\t\t\t\t\t\t\n<style>\n#image_678821676 {\n  width: 100%;\n}\n<\/style>\n\t<\/div>\n\t\n\n\t<div class=\"img has-hover x md-x lg-x y md-y lg-y\" id=\"image_1912663466\">\n\t\t\t\t\t\t\t\t<div class=\"img-inner image-cover dark\" style=\"padding-top:260px;\">\n\t\t\t<img loading=\"lazy\" decoding=\"async\" width=\"1020\" height=\"765\" src=\"https:\/\/stara.carbonmiledesign.pl\/wp-content\/uploads\/2025\/10\/BMW-M3-G80-CM-Design-x-JBM-10-1067x800.jpg\" class=\"attachment-large size-large\" alt=\"\" srcset=\"https:\/\/stara.carbonmiledesign.pl\/wp-content\/uploads\/2025\/10\/BMW-M3-G80-CM-Design-x-JBM-10-1067x800.jpg 1067w, https:\/\/stara.carbonmiledesign.pl\/wp-content\/uploads\/2025\/10\/BMW-M3-G80-CM-Design-x-JBM-10-533x400.jpg 533w, https:\/\/stara.carbonmiledesign.pl\/wp-content\/uploads\/2025\/10\/BMW-M3-G80-CM-Design-x-JBM-10-768x576.jpg 768w, https:\/\/stara.carbonmiledesign.pl\/wp-content\/uploads\/2025\/10\/BMW-M3-G80-CM-Design-x-JBM-10-1536x1152.jpg 1536w, https:\/\/stara.carbonmiledesign.pl\/wp-content\/uploads\/2025\/10\/BMW-M3-G80-CM-Design-x-JBM-10-2048x1536.jpg 2048w, https:\/\/stara.carbonmiledesign.pl\/wp-content\/uploads\/2025\/10\/BMW-M3-G80-CM-Design-x-JBM-10-16x12.jpg 16w, https:\/\/stara.carbonmiledesign.pl\/wp-content\/uploads\/2025\/10\/BMW-M3-G80-CM-Design-x-JBM-10-1000x750.jpg 1000w\" sizes=\"auto, (max-width: 1020px) 100vw, 1020px\" \/>\t\t\t\t\t\t\n\t\t\t\t\t<\/div>\n\t\t\t\t\t\t\t\t\n<style>\n#image_1912663466 {\n  width: 100%;\n}\n<\/style>\n\t<\/div>\n\t\n\n\t<div class=\"img has-hover x md-x lg-x y md-y lg-y\" id=\"image_2139770558\">\n\t\t\t\t\t\t\t\t<div class=\"img-inner image-cover dark\" style=\"padding-top:260px;\">\n\t\t\t<img loading=\"lazy\" decoding=\"async\" width=\"2048\" height=\"1536\" src=\"https:\/\/stara.carbonmiledesign.pl\/wp-content\/uploads\/2025\/10\/BMW-M3-G80-CM-Design-x-JBM-5-2048x1536.jpg\" class=\"attachment-2048x2048 size-2048x2048\" alt=\"\" srcset=\"https:\/\/stara.carbonmiledesign.pl\/wp-content\/uploads\/2025\/10\/BMW-M3-G80-CM-Design-x-JBM-5-2048x1536.jpg 2048w, https:\/\/stara.carbonmiledesign.pl\/wp-content\/uploads\/2025\/10\/BMW-M3-G80-CM-Design-x-JBM-5-533x400.jpg 533w, https:\/\/stara.carbonmiledesign.pl\/wp-content\/uploads\/2025\/10\/BMW-M3-G80-CM-Design-x-JBM-5-1067x800.jpg 1067w, https:\/\/stara.carbonmiledesign.pl\/wp-content\/uploads\/2025\/10\/BMW-M3-G80-CM-Design-x-JBM-5-768x576.jpg 768w, https:\/\/stara.carbonmiledesign.pl\/wp-content\/uploads\/2025\/10\/BMW-M3-G80-CM-Design-x-JBM-5-1536x1152.jpg 1536w, https:\/\/stara.carbonmiledesign.pl\/wp-content\/uploads\/2025\/10\/BMW-M3-G80-CM-Design-x-JBM-5-16x12.jpg 16w, https:\/\/stara.carbonmiledesign.pl\/wp-content\/uploads\/2025\/10\/BMW-M3-G80-CM-Design-x-JBM-5-1000x750.jpg 1000w\" sizes=\"auto, (max-width: 2048px) 100vw, 2048px\" \/>\t\t\t\t\t\t\n\t\t\t\t\t<\/div>\n\t\t\t\t\t\t\t\t\n<style>\n#image_2139770558 {\n  width: 100%;\n}\n<\/style>\n\t<\/div>\n\t\n\n\t<div class=\"img has-hover x md-x lg-x y md-y lg-y\" id=\"image_639088551\">\n\t\t\t\t\t\t\t\t<div class=\"img-inner image-cover dark\" style=\"padding-top:260px;\">\n\t\t\t<img loading=\"lazy\" decoding=\"async\" width=\"1020\" height=\"765\" src=\"https:\/\/stara.carbonmiledesign.pl\/wp-content\/uploads\/2025\/10\/BMW-M3-G80-CM-Design-x-JBM-7-1067x800.jpg\" class=\"attachment-large size-large\" alt=\"\" srcset=\"https:\/\/stara.carbonmiledesign.pl\/wp-content\/uploads\/2025\/10\/BMW-M3-G80-CM-Design-x-JBM-7-1067x800.jpg 1067w, https:\/\/stara.carbonmiledesign.pl\/wp-content\/uploads\/2025\/10\/BMW-M3-G80-CM-Design-x-JBM-7-533x400.jpg 533w, https:\/\/stara.carbonmiledesign.pl\/wp-content\/uploads\/2025\/10\/BMW-M3-G80-CM-Design-x-JBM-7-768x576.jpg 768w, https:\/\/stara.carbonmiledesign.pl\/wp-content\/uploads\/2025\/10\/BMW-M3-G80-CM-Design-x-JBM-7-1536x1152.jpg 1536w, https:\/\/stara.carbonmiledesign.pl\/wp-content\/uploads\/2025\/10\/BMW-M3-G80-CM-Design-x-JBM-7-2048x1536.jpg 2048w, https:\/\/stara.carbonmiledesign.pl\/wp-content\/uploads\/2025\/10\/BMW-M3-G80-CM-Design-x-JBM-7-16x12.jpg 16w, https:\/\/stara.carbonmiledesign.pl\/wp-content\/uploads\/2025\/10\/BMW-M3-G80-CM-Design-x-JBM-7-1000x750.jpg 1000w\" sizes=\"auto, (max-width: 1020px) 100vw, 1020px\" \/>\t\t\t\t\t\t\n\t\t\t\t\t<\/div>\n\t\t\t\t\t\t\t\t\n<style>\n#image_639088551 {\n  width: 100%;\n}\n<\/style>\n\t<\/div>\n\t\n\n\t<div class=\"img has-hover x md-x lg-x y md-y lg-y\" id=\"image_1190400829\">\n\t\t\t\t\t\t\t\t<div class=\"img-inner image-cover dark\" style=\"padding-top:260px;\">\n\t\t\t<img loading=\"lazy\" decoding=\"async\" width=\"1020\" height=\"765\" src=\"https:\/\/stara.carbonmiledesign.pl\/wp-content\/uploads\/2025\/10\/BMW-M3-G80-CM-Design-x-JBM-8-1067x800.jpg\" class=\"attachment-large size-large\" alt=\"\" srcset=\"https:\/\/stara.carbonmiledesign.pl\/wp-content\/uploads\/2025\/10\/BMW-M3-G80-CM-Design-x-JBM-8-1067x800.jpg 1067w, https:\/\/stara.carbonmiledesign.pl\/wp-content\/uploads\/2025\/10\/BMW-M3-G80-CM-Design-x-JBM-8-533x400.jpg 533w, https:\/\/stara.carbonmiledesign.pl\/wp-content\/uploads\/2025\/10\/BMW-M3-G80-CM-Design-x-JBM-8-768x576.jpg 768w, https:\/\/stara.carbonmiledesign.pl\/wp-content\/uploads\/2025\/10\/BMW-M3-G80-CM-Design-x-JBM-8-1536x1152.jpg 1536w, https:\/\/stara.carbonmiledesign.pl\/wp-content\/uploads\/2025\/10\/BMW-M3-G80-CM-Design-x-JBM-8-2048x1536.jpg 2048w, https:\/\/stara.carbonmiledesign.pl\/wp-content\/uploads\/2025\/10\/BMW-M3-G80-CM-Design-x-JBM-8-16x12.jpg 16w, https:\/\/stara.carbonmiledesign.pl\/wp-content\/uploads\/2025\/10\/BMW-M3-G80-CM-Design-x-JBM-8-1000x750.jpg 1000w\" sizes=\"auto, (max-width: 1020px) 100vw, 1020px\" \/>\t\t\t\t\t\t\n\t\t\t\t\t<\/div>\n\t\t\t\t\t\t\t\t\n<style>\n#image_1190400829 {\n  width: 100%;\n}\n<\/style>\n\t<\/div>\n\t\n\n\n     <\/div>\n\n     <div class=\"loading-spin dark large centered\"><\/div>\n\n\t<\/div>\n\n\n\n\t\t<\/div>\n\t\t\t\t\t<\/div>\n\n\t\n\n<\/div>\n<div class=\"row\"  id=\"row-644928511\">\n\n\n\t<div id=\"col-138297099\" class=\"col medium-6 small-12 large-6\"  >\n\t\t\t\t<div class=\"col-inner\"  >\n\t\t\t\n\t\t\t\n\n\t<div id=\"gap-1098883403\" class=\"gap-element clearfix\" style=\"display:block; height:auto;\">\n\t\t\n<style>\n#gap-1098883403 {\n  padding-top: 60px;\n}\n@media (min-width:550px) {\n  #gap-1098883403 {\n    padding-top: 30px;\n  }\n}\n<\/style>\n\t<\/div>\n\t\n\n<div class=\"row\"  id=\"row-2024846057\">\n\n\n\t<div id=\"col-1578079207\" class=\"col medium-6 small-6 large-6\"  >\n\t\t\t\t<div class=\"col-inner\"  >\n\t\t\t\n\t\t\t\n\n\t<div class=\"img has-hover x md-x lg-x y md-y lg-y\" id=\"image_931375034\">\n\t\t\t\t\t\t\t\t<div class=\"img-inner dark\" >\n\t\t\t<img loading=\"lazy\" decoding=\"async\" width=\"2048\" height=\"1536\" src=\"https:\/\/stara.carbonmiledesign.pl\/wp-content\/uploads\/2025\/10\/BMW-M3-G80-CM-Design-x-JBM-6-2048x1536.jpg\" class=\"attachment-2048x2048 size-2048x2048\" alt=\"\" srcset=\"https:\/\/stara.carbonmiledesign.pl\/wp-content\/uploads\/2025\/10\/BMW-M3-G80-CM-Design-x-JBM-6-2048x1536.jpg 2048w, https:\/\/stara.carbonmiledesign.pl\/wp-content\/uploads\/2025\/10\/BMW-M3-G80-CM-Design-x-JBM-6-533x400.jpg 533w, https:\/\/stara.carbonmiledesign.pl\/wp-content\/uploads\/2025\/10\/BMW-M3-G80-CM-Design-x-JBM-6-1067x800.jpg 1067w, https:\/\/stara.carbonmiledesign.pl\/wp-content\/uploads\/2025\/10\/BMW-M3-G80-CM-Design-x-JBM-6-768x576.jpg 768w, https:\/\/stara.carbonmiledesign.pl\/wp-content\/uploads\/2025\/10\/BMW-M3-G80-CM-Design-x-JBM-6-1536x1152.jpg 1536w, https:\/\/stara.carbonmiledesign.pl\/wp-content\/uploads\/2025\/10\/BMW-M3-G80-CM-Design-x-JBM-6-16x12.jpg 16w, https:\/\/stara.carbonmiledesign.pl\/wp-content\/uploads\/2025\/10\/BMW-M3-G80-CM-Design-x-JBM-6-1000x750.jpg 1000w\" sizes=\"auto, (max-width: 2048px) 100vw, 2048px\" \/>\t\t\t\t\t\t\n\t\t\t\t\t<\/div>\n\t\t\t\t\t\t\t\t\n<style>\n#image_931375034 {\n  width: 100%;\n}\n<\/style>\n\t<\/div>\n\t\n\n\n\t\t<\/div>\n\t\t\t\t\t<\/div>\n\n\t\n\n\t<div id=\"col-1677801525\" class=\"col medium-6 small-6 large-6\"  >\n\t\t\t\t<div class=\"col-inner\"  >\n\t\t\t\n\t\t\t\n\n\t<div class=\"img has-hover x md-x lg-x y md-y lg-y\" id=\"image_793155099\">\n\t\t\t\t\t\t\t\t<div class=\"img-inner dark\" >\n\t\t\t<img loading=\"lazy\" decoding=\"async\" width=\"2048\" height=\"1536\" src=\"https:\/\/stara.carbonmiledesign.pl\/wp-content\/uploads\/2025\/10\/BMW-M3-G80-CM-Design-x-JBM-5-2048x1536.jpg\" class=\"attachment-2048x2048 size-2048x2048\" alt=\"\" srcset=\"https:\/\/stara.carbonmiledesign.pl\/wp-content\/uploads\/2025\/10\/BMW-M3-G80-CM-Design-x-JBM-5-2048x1536.jpg 2048w, https:\/\/stara.carbonmiledesign.pl\/wp-content\/uploads\/2025\/10\/BMW-M3-G80-CM-Design-x-JBM-5-533x400.jpg 533w, https:\/\/stara.carbonmiledesign.pl\/wp-content\/uploads\/2025\/10\/BMW-M3-G80-CM-Design-x-JBM-5-1067x800.jpg 1067w, https:\/\/stara.carbonmiledesign.pl\/wp-content\/uploads\/2025\/10\/BMW-M3-G80-CM-Design-x-JBM-5-768x576.jpg 768w, https:\/\/stara.carbonmiledesign.pl\/wp-content\/uploads\/2025\/10\/BMW-M3-G80-CM-Design-x-JBM-5-1536x1152.jpg 1536w, https:\/\/stara.carbonmiledesign.pl\/wp-content\/uploads\/2025\/10\/BMW-M3-G80-CM-Design-x-JBM-5-16x12.jpg 16w, https:\/\/stara.carbonmiledesign.pl\/wp-content\/uploads\/2025\/10\/BMW-M3-G80-CM-Design-x-JBM-5-1000x750.jpg 1000w\" sizes=\"auto, (max-width: 2048px) 100vw, 2048px\" \/>\t\t\t\t\t\t\n\t\t\t\t\t<\/div>\n\t\t\t\t\t\t\t\t\n<style>\n#image_793155099 {\n  width: 100%;\n}\n<\/style>\n\t<\/div>\n\t\n\n\n\t\t<\/div>\n\t\t\t\t\t<\/div>\n\n\t\n\n<\/div>\n<div class=\"row\"  id=\"row-821241095\">\n\n\n\t<div id=\"col-1799724093\" class=\"col medium-6 small-6 large-6\"  >\n\t\t\t\t<div class=\"col-inner\"  >\n\t\t\t\n\t\t\t\n\n\t<div class=\"img has-hover x md-x lg-x y md-y lg-y\" id=\"image_2026619982\">\n\t\t\t\t\t\t\t\t<div class=\"img-inner image-cover dark\" style=\"padding-top:170px;\">\n\t\t\t<img loading=\"lazy\" decoding=\"async\" width=\"782\" height=\"800\" src=\"https:\/\/stara.carbonmiledesign.pl\/wp-content\/uploads\/2025\/10\/BMW-M3-G80-CM-Design-x-JBM-7-1-scaled-e1760952185222-782x800.jpg\" class=\"attachment-large size-large\" alt=\"\" srcset=\"https:\/\/stara.carbonmiledesign.pl\/wp-content\/uploads\/2025\/10\/BMW-M3-G80-CM-Design-x-JBM-7-1-scaled-e1760952185222-782x800.jpg 782w, https:\/\/stara.carbonmiledesign.pl\/wp-content\/uploads\/2025\/10\/BMW-M3-G80-CM-Design-x-JBM-7-1-scaled-e1760952185222-391x400.jpg 391w, https:\/\/stara.carbonmiledesign.pl\/wp-content\/uploads\/2025\/10\/BMW-M3-G80-CM-Design-x-JBM-7-1-scaled-e1760952185222-768x786.jpg 768w, https:\/\/stara.carbonmiledesign.pl\/wp-content\/uploads\/2025\/10\/BMW-M3-G80-CM-Design-x-JBM-7-1-scaled-e1760952185222-1502x1536.jpg 1502w, https:\/\/stara.carbonmiledesign.pl\/wp-content\/uploads\/2025\/10\/BMW-M3-G80-CM-Design-x-JBM-7-1-scaled-e1760952185222-12x12.jpg 12w, https:\/\/stara.carbonmiledesign.pl\/wp-content\/uploads\/2025\/10\/BMW-M3-G80-CM-Design-x-JBM-7-1-scaled-e1760952185222-1000x1023.jpg 1000w, https:\/\/stara.carbonmiledesign.pl\/wp-content\/uploads\/2025\/10\/BMW-M3-G80-CM-Design-x-JBM-7-1-scaled-e1760952185222.jpg 1877w\" sizes=\"auto, (max-width: 782px) 100vw, 782px\" \/>\t\t\t\t\t\t\n\t\t\t\t\t<\/div>\n\t\t\t\t\t\t\t\t\n<style>\n#image_2026619982 {\n  width: 100%;\n}\n<\/style>\n\t<\/div>\n\t\n\n\n\t\t<\/div>\n\t\t\t\t\t<\/div>\n\n\t\n\n\t<div id=\"col-1164243812\" class=\"col medium-6 small-6 large-6\"  >\n\t\t\t\t<div class=\"col-inner\"  >\n\t\t\t\n\t\t\t\n\n\t<div class=\"img has-hover x md-x lg-x y md-y lg-y\" id=\"image_475434446\">\n\t\t\t\t\t\t\t\t<div class=\"img-inner image-cover dark\" style=\"padding-top:170px;\">\n\t\t\t<img loading=\"lazy\" decoding=\"async\" width=\"753\" height=\"800\" src=\"https:\/\/stara.carbonmiledesign.pl\/wp-content\/uploads\/2025\/10\/BMW-M3-G80-CM-Design-x-JBM-2-1-scaled-e1760952023674-753x800.jpg\" class=\"attachment-large size-large\" alt=\"\" srcset=\"https:\/\/stara.carbonmiledesign.pl\/wp-content\/uploads\/2025\/10\/BMW-M3-G80-CM-Design-x-JBM-2-1-scaled-e1760952023674-753x800.jpg 753w, https:\/\/stara.carbonmiledesign.pl\/wp-content\/uploads\/2025\/10\/BMW-M3-G80-CM-Design-x-JBM-2-1-scaled-e1760952023674-376x400.jpg 376w, https:\/\/stara.carbonmiledesign.pl\/wp-content\/uploads\/2025\/10\/BMW-M3-G80-CM-Design-x-JBM-2-1-scaled-e1760952023674-768x816.jpg 768w, https:\/\/stara.carbonmiledesign.pl\/wp-content\/uploads\/2025\/10\/BMW-M3-G80-CM-Design-x-JBM-2-1-scaled-e1760952023674-1445x1536.jpg 1445w, https:\/\/stara.carbonmiledesign.pl\/wp-content\/uploads\/2025\/10\/BMW-M3-G80-CM-Design-x-JBM-2-1-scaled-e1760952023674-11x12.jpg 11w, https:\/\/stara.carbonmiledesign.pl\/wp-content\/uploads\/2025\/10\/BMW-M3-G80-CM-Design-x-JBM-2-1-scaled-e1760952023674-1000x1063.jpg 1000w, https:\/\/stara.carbonmiledesign.pl\/wp-content\/uploads\/2025\/10\/BMW-M3-G80-CM-Design-x-JBM-2-1-scaled-e1760952023674.jpg 1750w\" sizes=\"auto, (max-width: 753px) 100vw, 753px\" \/>\t\t\t\t\t\t\n\t\t\t\t\t<\/div>\n\t\t\t\t\t\t\t\t\n<style>\n#image_475434446 {\n  width: 100%;\n}\n<\/style>\n\t<\/div>\n\t\n\n\n\t\t<\/div>\n\t\t\t\t\t<\/div>\n\n\t\n\n<\/div>\n\n\t\t<\/div>\n\t\t\t\t\t<\/div>\n\n\t\n\n<\/div>\n\n\t\t<\/div>\n\t\t\t\t\t<\/div>\n\n\t\n\n<\/div>\n\n\t\t<\/div>\n\n\t\t\n<style>\n#section_112919450 {\n  padding-top: 30px;\n  padding-bottom: 30px;\n}\n<\/style>\n\t<\/section>","protected":false},"excerpt":{"rendered":"","protected":false},"author":1,"featured_media":3687,"parent":0,"menu_order":0,"comment_status":"closed","ping_status":"closed","template":"","meta":{"footnotes":""},"class_list":["post-3681","page","type-page","status-publish","has-post-thumbnail","hentry"],"yoast_head":"<!-- This site is optimized with the Yoast SEO plugin v26.6 - https:\/\/yoast.com\/wordpress\/plugins\/seo\/ -->\n<title>BMW M3 G80 w pe\u0142nym pakiecie, realizacja | CM Design<\/title>\n<meta name=\"description\" content=\"BMW M3 G80 z pe\u0142nym pakietem carbonowym CM Design \ud83d\udd25 \u2013 wloty powietrza, grill, skrzela boczne, progi, winglets tylnego zderzaka, dyfuzor LED.\" \/>\n<meta name=\"robots\" content=\"index, follow, max-snippet:-1, max-image-preview:large, max-video-preview:-1\" \/>\n<link rel=\"canonical\" href=\"https:\/\/stara.carbonmiledesign.pl\/en\/bmw-m3-g80-realizacja\/\" \/>\n<meta property=\"og:locale\" content=\"en_US\" \/>\n<meta property=\"og:type\" content=\"article\" \/>\n<meta property=\"og:title\" content=\"BMW M3 G80 w pe\u0142nym pakiecie, realizacja | CM Design\" \/>\n<meta property=\"og:description\" content=\"BMW M3 G80 z pe\u0142nym pakietem carbonowym CM Design \ud83d\udd25 \u2013 wloty powietrza, grill, skrzela boczne, progi, winglets tylnego zderzaka, dyfuzor LED.\" \/>\n<meta property=\"og:url\" content=\"https:\/\/stara.carbonmiledesign.pl\/en\/bmw-m3-g80-realizacja\/\" \/>\n<meta property=\"og:site_name\" content=\"CarbonMile design\" \/>\n<meta property=\"article:modified_time\" content=\"2025-10-20T12:48:21+00:00\" \/>\n<meta property=\"og:image\" content=\"https:\/\/stara.carbonmiledesign.pl\/wp-content\/uploads\/2025\/10\/BMW-M3-G80-CM-Design-x-JBM-6-scaled.jpg\" \/>\n\t<meta property=\"og:image:width\" content=\"2560\" \/>\n\t<meta property=\"og:image:height\" content=\"1920\" \/>\n\t<meta property=\"og:image:type\" content=\"image\/jpeg\" \/>\n<meta name=\"twitter:card\" content=\"summary_large_image\" \/>\n<meta name=\"twitter:label1\" content=\"Est. reading time\" \/>\n\t<meta name=\"twitter:data1\" content=\"1 minute\" \/>\n<script type=\"application\/ld+json\" class=\"yoast-schema-graph\">{\"@context\":\"https:\/\/schema.org\",\"@graph\":[{\"@type\":\"WebPage\",\"@id\":\"https:\/\/stara.carbonmiledesign.pl\/bmw-m3-g80-realizacja\/\",\"url\":\"https:\/\/stara.carbonmiledesign.pl\/bmw-m3-g80-realizacja\/\",\"name\":\"BMW M3 G80 w pe\u0142nym pakiecie, realizacja | CM Design\",\"isPartOf\":{\"@id\":\"https:\/\/nowa.carbonmiledesign.pl\/#website\"},\"primaryImageOfPage\":{\"@id\":\"https:\/\/stara.carbonmiledesign.pl\/bmw-m3-g80-realizacja\/#primaryimage\"},\"image\":{\"@id\":\"https:\/\/stara.carbonmiledesign.pl\/bmw-m3-g80-realizacja\/#primaryimage\"},\"thumbnailUrl\":\"https:\/\/stara.carbonmiledesign.pl\/wp-content\/uploads\/2025\/10\/BMW-M3-G80-CM-Design-x-JBM-6-scaled.jpg\",\"datePublished\":\"2025-10-20T09:24:08+00:00\",\"dateModified\":\"2025-10-20T12:48:21+00:00\",\"description\":\"BMW M3 G80 z pe\u0142nym pakietem carbonowym CM Design \ud83d\udd25 \u2013 wloty powietrza, grill, skrzela boczne, progi, winglets tylnego zderzaka, dyfuzor LED.\",\"breadcrumb\":{\"@id\":\"https:\/\/stara.carbonmiledesign.pl\/bmw-m3-g80-realizacja\/#breadcrumb\"},\"inLanguage\":\"en-US\",\"potentialAction\":[{\"@type\":\"ReadAction\",\"target\":[\"https:\/\/stara.carbonmiledesign.pl\/bmw-m3-g80-realizacja\/\"]}]},{\"@type\":\"ImageObject\",\"inLanguage\":\"en-US\",\"@id\":\"https:\/\/stara.carbonmiledesign.pl\/bmw-m3-g80-realizacja\/#primaryimage\",\"url\":\"https:\/\/stara.carbonmiledesign.pl\/wp-content\/uploads\/2025\/10\/BMW-M3-G80-CM-Design-x-JBM-6-scaled.jpg\",\"contentUrl\":\"https:\/\/stara.carbonmiledesign.pl\/wp-content\/uploads\/2025\/10\/BMW-M3-G80-CM-Design-x-JBM-6-scaled.jpg\",\"width\":2560,\"height\":1920},{\"@type\":\"BreadcrumbList\",\"@id\":\"https:\/\/stara.carbonmiledesign.pl\/bmw-m3-g80-realizacja\/#breadcrumb\",\"itemListElement\":[{\"@type\":\"ListItem\",\"position\":1,\"name\":\"Strona g\u0142\u00f3wna\",\"item\":\"https:\/\/nowa.carbonmiledesign.pl\/\"},{\"@type\":\"ListItem\",\"position\":2,\"name\":\"BMW M3 G80 Realizacja\"}]},{\"@type\":\"WebSite\",\"@id\":\"https:\/\/nowa.carbonmiledesign.pl\/#website\",\"url\":\"https:\/\/nowa.carbonmiledesign.pl\/\",\"name\":\"Carbonmile Design\",\"description\":\"\",\"publisher\":{\"@id\":\"https:\/\/nowa.carbonmiledesign.pl\/#organization\"},\"alternateName\":\"CM Design\",\"potentialAction\":[{\"@type\":\"SearchAction\",\"target\":{\"@type\":\"EntryPoint\",\"urlTemplate\":\"https:\/\/nowa.carbonmiledesign.pl\/?s={search_term_string}\"},\"query-input\":{\"@type\":\"PropertyValueSpecification\",\"valueRequired\":true,\"valueName\":\"search_term_string\"}}],\"inLanguage\":\"en-US\"},{\"@type\":\"Organization\",\"@id\":\"https:\/\/nowa.carbonmiledesign.pl\/#organization\",\"name\":\"Carbonmile Design\",\"url\":\"https:\/\/nowa.carbonmiledesign.pl\/\",\"logo\":{\"@type\":\"ImageObject\",\"inLanguage\":\"en-US\",\"@id\":\"https:\/\/nowa.carbonmiledesign.pl\/#\/schema\/logo\/image\/\",\"url\":\"https:\/\/stara.carbonmiledesign.pl\/wp-content\/uploads\/2025\/01\/Carbonmiledesign-logo-czarne-przezroczyste-tlo.png\",\"contentUrl\":\"https:\/\/stara.carbonmiledesign.pl\/wp-content\/uploads\/2025\/01\/Carbonmiledesign-logo-czarne-przezroczyste-tlo.png\",\"width\":2420,\"height\":520,\"caption\":\"Carbonmile Design\"},\"image\":{\"@id\":\"https:\/\/nowa.carbonmiledesign.pl\/#\/schema\/logo\/image\/\"}}]}<\/script>\n<!-- \/ Yoast SEO plugin. -->","yoast_head_json":{"title":"BMW M3 G80 w pe\u0142nym pakiecie, realizacja | CM Design","description":"BMW M3 G80 z pe\u0142nym pakietem carbonowym CM Design \ud83d\udd25 \u2013 wloty powietrza, grill, skrzela boczne, progi, winglets tylnego zderzaka, dyfuzor LED.","robots":{"index":"index","follow":"follow","max-snippet":"max-snippet:-1","max-image-preview":"max-image-preview:large","max-video-preview":"max-video-preview:-1"},"canonical":"https:\/\/stara.carbonmiledesign.pl\/en\/bmw-m3-g80-realizacja\/","og_locale":"en_US","og_type":"article","og_title":"BMW M3 G80 w pe\u0142nym pakiecie, realizacja | CM Design","og_description":"BMW M3 G80 z pe\u0142nym pakietem carbonowym CM Design \ud83d\udd25 \u2013 wloty powietrza, grill, skrzela boczne, progi, winglets tylnego zderzaka, dyfuzor LED.","og_url":"https:\/\/stara.carbonmiledesign.pl\/en\/bmw-m3-g80-realizacja\/","og_site_name":"CarbonMile design","article_modified_time":"2025-10-20T12:48:21+00:00","og_image":[{"width":2560,"height":1920,"url":"https:\/\/stara.carbonmiledesign.pl\/wp-content\/uploads\/2025\/10\/BMW-M3-G80-CM-Design-x-JBM-6-scaled.jpg","type":"image\/jpeg"}],"twitter_card":"summary_large_image","twitter_misc":{"Est. reading time":"1 minute"},"schema":{"@context":"https:\/\/schema.org","@graph":[{"@type":"WebPage","@id":"https:\/\/stara.carbonmiledesign.pl\/bmw-m3-g80-realizacja\/","url":"https:\/\/stara.carbonmiledesign.pl\/bmw-m3-g80-realizacja\/","name":"BMW M3 G80 w pe\u0142nym pakiecie, realizacja | CM Design","isPartOf":{"@id":"https:\/\/nowa.carbonmiledesign.pl\/#website"},"primaryImageOfPage":{"@id":"https:\/\/stara.carbonmiledesign.pl\/bmw-m3-g80-realizacja\/#primaryimage"},"image":{"@id":"https:\/\/stara.carbonmiledesign.pl\/bmw-m3-g80-realizacja\/#primaryimage"},"thumbnailUrl":"https:\/\/stara.carbonmiledesign.pl\/wp-content\/uploads\/2025\/10\/BMW-M3-G80-CM-Design-x-JBM-6-scaled.jpg","datePublished":"2025-10-20T09:24:08+00:00","dateModified":"2025-10-20T12:48:21+00:00","description":"BMW M3 G80 z pe\u0142nym pakietem carbonowym CM Design \ud83d\udd25 \u2013 wloty powietrza, grill, skrzela boczne, progi, winglets tylnego zderzaka, dyfuzor LED.","breadcrumb":{"@id":"https:\/\/stara.carbonmiledesign.pl\/bmw-m3-g80-realizacja\/#breadcrumb"},"inLanguage":"en-US","potentialAction":[{"@type":"ReadAction","target":["https:\/\/stara.carbonmiledesign.pl\/bmw-m3-g80-realizacja\/"]}]},{"@type":"ImageObject","inLanguage":"en-US","@id":"https:\/\/stara.carbonmiledesign.pl\/bmw-m3-g80-realizacja\/#primaryimage","url":"https:\/\/stara.carbonmiledesign.pl\/wp-content\/uploads\/2025\/10\/BMW-M3-G80-CM-Design-x-JBM-6-scaled.jpg","contentUrl":"https:\/\/stara.carbonmiledesign.pl\/wp-content\/uploads\/2025\/10\/BMW-M3-G80-CM-Design-x-JBM-6-scaled.jpg","width":2560,"height":1920},{"@type":"BreadcrumbList","@id":"https:\/\/stara.carbonmiledesign.pl\/bmw-m3-g80-realizacja\/#breadcrumb","itemListElement":[{"@type":"ListItem","position":1,"name":"Strona g\u0142\u00f3wna","item":"https:\/\/nowa.carbonmiledesign.pl\/"},{"@type":"ListItem","position":2,"name":"BMW M3 G80 Realizacja"}]},{"@type":"WebSite","@id":"https:\/\/nowa.carbonmiledesign.pl\/#website","url":"https:\/\/nowa.carbonmiledesign.pl\/","name":"Carbonmile Design","description":"","publisher":{"@id":"https:\/\/nowa.carbonmiledesign.pl\/#organization"},"alternateName":"CM Design","potentialAction":[{"@type":"SearchAction","target":{"@type":"EntryPoint","urlTemplate":"https:\/\/nowa.carbonmiledesign.pl\/?s={search_term_string}"},"query-input":{"@type":"PropertyValueSpecification","valueRequired":true,"valueName":"search_term_string"}}],"inLanguage":"en-US"},{"@type":"Organization","@id":"https:\/\/nowa.carbonmiledesign.pl\/#organization","name":"Carbonmile Design","url":"https:\/\/nowa.carbonmiledesign.pl\/","logo":{"@type":"ImageObject","inLanguage":"en-US","@id":"https:\/\/nowa.carbonmiledesign.pl\/#\/schema\/logo\/image\/","url":"https:\/\/stara.carbonmiledesign.pl\/wp-content\/uploads\/2025\/01\/Carbonmiledesign-logo-czarne-przezroczyste-tlo.png","contentUrl":"https:\/\/stara.carbonmiledesign.pl\/wp-content\/uploads\/2025\/01\/Carbonmiledesign-logo-czarne-przezroczyste-tlo.png","width":2420,"height":520,"caption":"Carbonmile Design"},"image":{"@id":"https:\/\/nowa.carbonmiledesign.pl\/#\/schema\/logo\/image\/"}}]}},"jetpack_sharing_enabled":true,"_links":{"self":[{"href":"https:\/\/stara.carbonmiledesign.pl\/en\/wp-json\/wp\/v2\/pages\/3681","targetHints":{"allow":["GET"]}}],"collection":[{"href":"https:\/\/stara.carbonmiledesign.pl\/en\/wp-json\/wp\/v2\/pages"}],"about":[{"href":"https:\/\/stara.carbonmiledesign.pl\/en\/wp-json\/wp\/v2\/types\/page"}],"author":[{"embeddable":true,"href":"https:\/\/stara.carbonmiledesign.pl\/en\/wp-json\/wp\/v2\/users\/1"}],"replies":[{"embeddable":true,"href":"https:\/\/stara.carbonmiledesign.pl\/en\/wp-json\/wp\/v2\/comments?post=3681"}],"version-history":[{"count":0,"href":"https:\/\/stara.carbonmiledesign.pl\/en\/wp-json\/wp\/v2\/pages\/3681\/revisions"}],"wp:featuredmedia":[{"embeddable":true,"href":"https:\/\/stara.carbonmiledesign.pl\/en\/wp-json\/wp\/v2\/media\/3687"}],"wp:attachment":[{"href":"https:\/\/stara.carbonmiledesign.pl\/en\/wp-json\/wp\/v2\/media?parent=3681"}],"curies":[{"name":"wp","href":"https:\/\/api.w.org\/{rel}","templated":true}]}}